{"id":3450,"date":"2015-12-02T10:52:05","date_gmt":"2015-12-02T10:52:05","guid":{"rendered":"https:\/\/www.cbc.org.al\/?page_id=3450"},"modified":"2024-04-18T10:04:13","modified_gmt":"2024-04-18T10:04:13","slug":"projektet","status":"publish","type":"page","link":"https:\/\/www.cbc.org.al\/sq\/projektet\/","title":{"rendered":"Projektet"},"content":{"rendered":"<p><div class=\"fusion-fullwidth fullwidth-box fusion-builder-row-1 fusion-flex-container nonhundred-percent-fullwidth non-hundred-percent-height-scrolling\" style=\"--awb-background-position:left top;--awb-border-sizes-top:0px;--awb-border-sizes-bottom:0px;--awb-border-sizes-left:0px;--awb-border-sizes-right:0px;--awb-border-radius-top-left:0px;--awb-border-radius-top-right:0px;--awb-border-radius-bottom-right:0px;--awb-border-radius-bottom-left:0px;--awb-padding-top:90px;--awb-padding-bottom:4%;--awb-padding-bottom-medium:80px;--awb-padding-top-small:60px;--awb-background-color:var(--awb-color2);--awb-flex-wrap:wrap;\" ><div class=\"fusion-builder-row fusion-row fusion-flex-align-items-flex-start fusion-flex-content-wrap\" style=\"max-width:1331.2px;margin-left: calc(-4% \/ 2 );margin-right: calc(-4% \/ 2 );\"><div class=\"fusion-layout-column fusion_builder_column fusion-builder-column-0 fusion_builder_column_1_6 1_6 fusion-flex-column fusion-no-small-visibility\" style=\"--awb-bg-blend:overlay;--awb-bg-size:cover;--awb-width-large:16.666666666667%;--awb-margin-top-large:10px;--awb-spacing-right-large:11.52%;--awb-margin-bottom-large:10px;--awb-spacing-left-large:11.52%;--awb-width-medium:100%;--awb-spacing-right-medium:1.92%;--awb-spacing-left-medium:1.92%;--awb-width-small:100%;--awb-spacing-right-small:1.92%;--awb-spacing-left-small:1.92%;\"><div class=\"fusion-column-wrapper fusion-flex-justify-content-flex-start fusion-content-layout-column\"><\/div><\/div><div class=\"fusion-layout-column fusion_builder_column fusion-builder-column-1 fusion_builder_column_2_3 2_3 fusion-flex-column\" style=\"--awb-bg-blend:overlay;--awb-bg-size:cover;--awb-width-large:66.666666666667%;--awb-margin-top-large:10px;--awb-spacing-right-large:2.88%;--awb-margin-bottom-large:30px;--awb-spacing-left-large:2.88%;--awb-width-medium:100%;--awb-spacing-right-medium:1.92%;--awb-spacing-left-medium:1.92%;--awb-width-small:100%;--awb-spacing-right-small:1.92%;--awb-margin-bottom-small:0px;--awb-spacing-left-small:1.92%;\"><div class=\"fusion-column-wrapper fusion-flex-justify-content-flex-start fusion-content-layout-column\"><div class=\"fusion-image-element \" style=\"text-align:center;--awb-margin-bottom:10px;--awb-caption-title-font-family:var(--h2_typography-font-family);--awb-caption-title-font-weight:var(--h2_typography-font-weight);--awb-caption-title-font-style:var(--h2_typography-font-style);--awb-caption-title-size:var(--h2_typography-font-size);--awb-caption-title-transform:var(--h2_typography-text-transform);--awb-caption-title-line-height:var(--h2_typography-line-height);--awb-caption-title-letter-spacing:var(--h2_typography-letter-spacing);\"><span class=\" fusion-imageframe imageframe-none imageframe-1 hover-type-none\"><a class=\"fusion-no-lightbox\" href=\"https:\/\/bit.ly\/39rvojm\" target=\"_blank\" aria-label=\"Logo-CBC-cc-57\" rel=\"noopener noreferrer\"><img decoding=\"async\" width=\"107\" height=\"57\" src=\"data:image\/svg+xml,%3Csvg%20xmlns%3D%27http%3A%2F%2Fwww.w3.org%2F2000%2Fsvg%27%20width%3D%27107%27%20height%3D%2757%27%20viewBox%3D%270%200%20107%2057%27%3E%3Crect%20width%3D%27107%27%20height%3D%2757%27%20fill-opacity%3D%220%22%2F%3E%3C%2Fsvg%3E\" data-orig-src=\"https:\/\/www.cbc.org.al\/wp-content\/uploads\/2022\/08\/Logo-CBC-cc-57.png\" alt class=\"lazyload img-responsive wp-image-3282\"\/><\/a><\/span><\/div><div class=\"fusion-title title fusion-title-1 fusion-sep-none fusion-title-center fusion-title-text fusion-title-size-two\" style=\"--awb-margin-top:0px;--awb-margin-bottom:10px;--awb-margin-top-small:10px;--awb-margin-right-small:0px;--awb-margin-bottom-small:20px;--awb-margin-left-small:0px;--awb-font-size:20px;\"><h2 class=\"fusion-title-heading title-heading-center fusion-responsive-typography-calculated\" style=\"margin:0;text-transform:capitalize;font-size:1em;--fontSize:20;--minFontSize:20;line-height:var(--awb-typography1-line-height);\">Center for Bridging Communities<\/h2><\/div><div class=\"fusion-text fusion-text-1 fusion-text-no-margin\" style=\"--awb-content-alignment:center;--awb-font-size:var(--awb-typography2-font-size);--awb-line-height:var(--awb-typography2-line-height);--awb-letter-spacing:var(--awb-typography2-letter-spacing);--awb-text-transform:var(--awb-typography2-text-transform);--awb-margin-bottom:0px;--awb-text-font-family:var(--awb-typography2-font-family);--awb-text-font-weight:var(--awb-typography2-font-weight);--awb-text-font-style:var(--awb-typography2-font-style);\"><p>Projektet<\/p>\n<\/div><div class=\"fusion-separator\" style=\"align-self: center;margin-left: auto;margin-right: auto;margin-top:15px;margin-bottom:60px;width:100%;max-width:170px;\"><div class=\"fusion-separator-border sep-single sep-solid\" style=\"--awb-height:20px;--awb-amount:20px;--awb-sep-color:var(--awb-color4);border-color:var(--awb-color4);border-top-width:1px;\"><\/div><\/div><\/div><\/div><div class=\"fusion-layout-column fusion_builder_column fusion-builder-column-2 fusion_builder_column_1_6 1_6 fusion-flex-column fusion-no-small-visibility\" style=\"--awb-bg-blend:overlay;--awb-bg-size:cover;--awb-width-large:16.666666666667%;--awb-margin-top-large:10px;--awb-spacing-right-large:11.52%;--awb-margin-bottom-large:10px;--awb-spacing-left-large:11.52%;--awb-width-medium:100%;--awb-spacing-right-medium:1.92%;--awb-spacing-left-medium:1.92%;--awb-width-small:100%;--awb-spacing-right-small:1.92%;--awb-spacing-left-small:1.92%;\"><div class=\"fusion-column-wrapper fusion-flex-justify-content-flex-start fusion-content-layout-column\"><\/div><\/div><div class=\"fusion-layout-column fusion_builder_column fusion-builder-column-3 fusion_builder_column_1_1 1_1 fusion-flex-column fusion-flex-align-self-flex-start fusion-column-no-min-height\" style=\"--awb-bg-blend:overlay;--awb-bg-size:cover;--awb-width-large:100%;--awb-margin-top-large:10px;--awb-spacing-right-large:1.92%;--awb-margin-bottom-large:10px;--awb-spacing-left-large:1.92%;--awb-width-medium:100%;--awb-spacing-right-medium:1.92%;--awb-spacing-left-medium:1.92%;--awb-width-small:100%;--awb-spacing-right-small:1.92%;--awb-spacing-left-small:1.92%;\"><div class=\"fusion-column-wrapper fusion-flex-justify-content-flex-start fusion-content-layout-column\"><style type=\"text\/css\">.fusion-portfolio-wrapper#fusion-portfolio-1 .fusion-portfolio-content{ padding: 30px 35px 30px 35px; text-align: left; }<\/style><div class=\"fusion-recent-works fusion-portfolio-element fusion-portfolio fusion-portfolio-1 fusion-portfolio-grid fusion-portfolio-paging-none fusion-portfolio-one fusion-portfolio-boxed fusion-portfolio-text fusion-portfolio-text-floated fusion-portfolio-rollover\" data-id=\"-rw-1\" data-columns=\"one\"><style type=\"text\/css\">.fusion-portfolio-1 .fusion-portfolio-wrapper .fusion-col-spacing{padding:20px;}<\/style><div class=\"fusion-portfolio-wrapper\" id=\"fusion-portfolio-1\" data-picturesize=\"auto\" data-pages=\"14\" style=\"margin:-20px;\"><article id=\"portfolio-1-post-4909\" class=\"fusion-portfolio-post fuqizimi-i-te-rinjve fusion-col-spacing post-4909\"><div class=\"fusion-portfolio-content-wrapper\" style=\"border:none;background-color:var(--awb-color1);\"><span class=\"vcard rich-snippet-hidden\"><span class=\"fn\"><a href=\"https:\/\/www.cbc.org.al\/sq\/blog\/author\/jonida\/\" title=\"Posts by Jonida Naska\" rel=\"author\">Jonida Naska<\/a><\/span><\/span><span class=\"updated rich-snippet-hidden\">2026-03-09T15:13:52+00:00<\/span><div  class=\"fusion-image-wrapper\" aria-haspopup=\"true\">\n\t\t\t\t<img decoding=\"async\" width=\"1280\" height=\"960\" src=\"https:\/\/www.cbc.org.al\/wp-content\/uploads\/2024\/10\/WhatsApp-Image-2026-03-09-at-3.56.12-PM-1.jpeg\" class=\"attachment-full size-full lazyload wp-post-image\" alt=\"\" srcset=\"data:image\/svg+xml,%3Csvg%20xmlns%3D%27http%3A%2F%2Fwww.w3.org%2F2000%2Fsvg%27%20width%3D%271280%27%20height%3D%27960%27%20viewBox%3D%270%200%201280%20960%27%3E%3Crect%20width%3D%271280%27%20height%3D%27960%27%20fill-opacity%3D%220%22%2F%3E%3C%2Fsvg%3E\" data-orig-src=\"https:\/\/www.cbc.org.al\/wp-content\/uploads\/2024\/10\/WhatsApp-Image-2026-03-09-at-3.56.12-PM-1.jpeg\" data-srcset=\"https:\/\/www.cbc.org.al\/wp-content\/uploads\/2024\/10\/WhatsApp-Image-2026-03-09-at-3.56.12-PM-1-200x150.jpeg 200w, https:\/\/www.cbc.org.al\/wp-content\/uploads\/2024\/10\/WhatsApp-Image-2026-03-09-at-3.56.12-PM-1-400x300.jpeg 400w, https:\/\/www.cbc.org.al\/wp-content\/uploads\/2024\/10\/WhatsApp-Image-2026-03-09-at-3.56.12-PM-1-600x450.jpeg 600w, https:\/\/www.cbc.org.al\/wp-content\/uploads\/2024\/10\/WhatsApp-Image-2026-03-09-at-3.56.12-PM-1-800x600.jpeg 800w, https:\/\/www.cbc.org.al\/wp-content\/uploads\/2024\/10\/WhatsApp-Image-2026-03-09-at-3.56.12-PM-1-1200x900.jpeg 1200w, https:\/\/www.cbc.org.al\/wp-content\/uploads\/2024\/10\/WhatsApp-Image-2026-03-09-at-3.56.12-PM-1.jpeg 1280w\" data-sizes=\"auto\" \/><div class=\"fusion-rollover\">\n\t<div class=\"fusion-rollover-content\">\n\n\t\t\t\t\t\t\t\t\t\t\t\t\t\t<a class=\"fusion-rollover-link\" href=\"https:\/\/www.cbc.org.al\/sq\/blog\/projects\/not-neat-to-be-neet\/\">Not Neat to be NEET<\/a>\n\t\t\t\n\t\t\t\t\t\t\t\t\t\t\t\t\t\t\n\t\t\t\t\t\t\t\t\n\t\t\t\t\t\t\t\t\t\t\t\t\t<div class=\"fusion-rollover-sep\"><\/div>\n\t\t\t\t\n\t\t\t\t\t\t\t\t\t\t\t\t\t\t\t\t\t\t<a class=\"fusion-rollover-gallery\" href=\"https:\/\/www.cbc.org.al\/wp-content\/uploads\/2024\/10\/WhatsApp-Image-2026-03-09-at-3.56.12-PM-1.jpeg\" data-options=\"\" data-id=\"4909\" data-rel=\"iLightbox[gallery-rw-1]\" data-title=\"WhatsApp Image 2026-03-09 at 3.56.12 PM (1)\" data-caption=\"\">\n\t\t\t\t\t\tGallery\t\t\t\t\t<\/a>\n\t\t\t\t\t\t\t\t\t\t\t\t\t\t\n\t\t\n\t\t\t\t\t\t\t\t\n\t\t\t\t\t\t\t\t\n\t\t\n\t\t\t\t\t\t<a class=\"fusion-link-wrapper\" href=\"https:\/\/www.cbc.org.al\/sq\/blog\/projects\/not-neat-to-be-neet\/\" aria-label=\"Not Neat to be NEET\"><\/a>\n\t<\/div>\n<\/div>\n<\/div>\n<div class=\"fusion-portfolio-content\" style=\"background-color:var(--awb-color1);\"><h2 class=\"entry-title fusion-post-title\"><a href=\"https:\/\/www.cbc.org.al\/sq\/blog\/projects\/not-neat-to-be-neet\/\">Not Neat to be NEET<\/a><\/h2><div class=\"fusion-portfolio-meta\"><a href=\"https:\/\/www.cbc.org.al\/sq\/project-category\/fuqizimi-i-te-rinjve\/\" rel=\"tag\">Fuqizimi i t\u00eb Rinjve<\/a><\/div><div class=\"fusion-content-sep sep-none\" style=\"border-color:var(--awb-color3);\"><\/div><div class=\"fusion-post-content\"><p> Projekti: \u201cNot Neat to be NEET\u201d (Jo n\u00eb Pun\u00ebsim, Edukim ose Trajnim) synon t\u00eb nd\u00ebrtoj\u00eb kapacitetet e organizatave rinore t\u00eb Ballkanit Per\u00ebndimor p\u00ebr projekte <a href=\"https:\/\/www.cbc.org.al\/sq\/blog\/projects\/not-neat-to-be-neet\/\"> [...]<\/a><\/p><div class=\"fusion-portfolio-buttons fusion-portfolio-buttons-full\"><a href=\"https:\/\/www.cbc.org.al\/sq\/blog\/projects\/not-neat-to-be-neet\/\" class=\"fusion-button fusion-button-default fusion-button-default-size fusion-button-flat\">Learn More<\/a><\/div><\/div><\/div><\/div><\/article><\/div><\/div><div class=\"fusion-separator fusion-full-width-sep\" style=\"align-self: center;margin-left: auto;margin-right: auto;margin-top:50px;width:100%;\"><\/div><style type=\"text\/css\">.fusion-portfolio-wrapper#fusion-portfolio-2 .fusion-portfolio-content{ padding: 30px 35px 30px 35px; text-align: left; }<\/style><div class=\"fusion-recent-works fusion-portfolio-element fusion-portfolio fusion-portfolio-2 fusion-portfolio-grid fusion-portfolio-paging-none fusion-portfolio-three fusion-portfolio-boxed fusion-portfolio-text fusion-portfolio-rollover\" data-id=\"-rw-2\" data-columns=\"three\"><style type=\"text\/css\">.fusion-portfolio-2 .fusion-portfolio-wrapper .fusion-col-spacing{padding:25px;}<\/style><div class=\"fusion-portfolio-wrapper\" id=\"fusion-portfolio-2\" data-picturesize=\"auto\" data-pages=\"1\" style=\"margin:-25px;\"><article id=\"portfolio-2-post-4481\" class=\"fusion-portfolio-post fuqizimi-i-te-rinjve mireqeverisja fusion-col-spacing post-4481\"><div class=\"fusion-portfolio-content-wrapper\" style=\"border:none;background-color:var(--awb-color1);\"><span class=\"vcard rich-snippet-hidden\"><span class=\"fn\"><a href=\"https:\/\/www.cbc.org.al\/sq\/blog\/author\/cbc-admin\/\" title=\"Posts by cbc-admin\" rel=\"author\">cbc-admin<\/a><\/span><\/span><span class=\"updated rich-snippet-hidden\">2024-10-03T11:43:56+00:00<\/span><div  class=\"fusion-image-wrapper\" aria-haspopup=\"true\">\n\t\t\t\t<img decoding=\"async\" width=\"1080\" height=\"809\" src=\"https:\/\/www.cbc.org.al\/wp-content\/uploads\/2024\/04\/IMG-20240411-WA0005.jpg\" class=\"attachment-full size-full lazyload wp-post-image\" alt=\"\" srcset=\"data:image\/svg+xml,%3Csvg%20xmlns%3D%27http%3A%2F%2Fwww.w3.org%2F2000%2Fsvg%27%20width%3D%271080%27%20height%3D%27809%27%20viewBox%3D%270%200%201080%20809%27%3E%3Crect%20width%3D%271080%27%20height%3D%27809%27%20fill-opacity%3D%220%22%2F%3E%3C%2Fsvg%3E\" data-orig-src=\"https:\/\/www.cbc.org.al\/wp-content\/uploads\/2024\/04\/IMG-20240411-WA0005.jpg\" data-srcset=\"https:\/\/www.cbc.org.al\/wp-content\/uploads\/2024\/04\/IMG-20240411-WA0005-200x150.jpg 200w, https:\/\/www.cbc.org.al\/wp-content\/uploads\/2024\/04\/IMG-20240411-WA0005-400x300.jpg 400w, https:\/\/www.cbc.org.al\/wp-content\/uploads\/2024\/04\/IMG-20240411-WA0005-600x449.jpg 600w, https:\/\/www.cbc.org.al\/wp-content\/uploads\/2024\/04\/IMG-20240411-WA0005-800x599.jpg 800w, https:\/\/www.cbc.org.al\/wp-content\/uploads\/2024\/04\/IMG-20240411-WA0005.jpg 1080w\" data-sizes=\"auto\" \/><div class=\"fusion-rollover\">\n\t<div class=\"fusion-rollover-content\">\n\n\t\t\t\t\t\t\t\t\t\t\t\t\t\t<a class=\"fusion-rollover-link\" href=\"https:\/\/www.cbc.org.al\/sq\/blog\/projects\/rinia-politikat-dhe-qytetaria-aktive\/\">Rinia, politikat dhe qytetaria aktive<\/a>\n\t\t\t\n\t\t\t\t\t\t\t\t\t\t\t\t\t\t\n\t\t\t\t\t\t\t\t\n\t\t\t\t\t\t\t\t\t\t\t\t\t<div class=\"fusion-rollover-sep\"><\/div>\n\t\t\t\t\n\t\t\t\t\t\t\t\t\t\t\t\t\t\t\t\t\t\t<a class=\"fusion-rollover-gallery\" href=\"https:\/\/www.cbc.org.al\/wp-content\/uploads\/2024\/04\/IMG-20240411-WA0005.jpg\" data-options=\"\" data-id=\"4481\" data-rel=\"iLightbox[gallery-rw-2]\" data-title=\"IMG-20240411-WA0005\" data-caption=\"\">\n\t\t\t\t\t\tGallery\t\t\t\t\t<\/a>\n\t\t\t\t\t\t\t\t\t\t\t\t\t\t\n\t\t\n\t\t\t\t\t\t\t\t\n\t\t\t\t\t\t\t\t\n\t\t\n\t\t\t\t\t\t<a class=\"fusion-link-wrapper\" href=\"https:\/\/www.cbc.org.al\/sq\/blog\/projects\/rinia-politikat-dhe-qytetaria-aktive\/\" aria-label=\"Rinia, politikat dhe qytetaria aktive\"><\/a>\n\t<\/div>\n<\/div>\n<\/div>\n<div class=\"fusion-portfolio-content\" style=\"background-color:var(--awb-color1);\"><h2 class=\"entry-title fusion-post-title\"><a href=\"https:\/\/www.cbc.org.al\/sq\/blog\/projects\/rinia-politikat-dhe-qytetaria-aktive\/\">Rinia, politikat dhe qytetaria aktive<\/a><\/h2><div class=\"fusion-portfolio-meta\"><a href=\"https:\/\/www.cbc.org.al\/sq\/project-category\/fuqizimi-i-te-rinjve\/\" rel=\"tag\">Fuqizimi i t\u00eb Rinjve<\/a>, <a href=\"https:\/\/www.cbc.org.al\/sq\/project-category\/mireqeverisja\/\" rel=\"tag\">Mir\u00ebqeverisja<\/a><\/div><div class=\"fusion-content-sep sep-none\" style=\"border-color:var(--awb-color3);\"><\/div><div class=\"fusion-post-content\"><p>Ky projekt synon t\u00eb nxit\u00eb dhe promovoj\u00eb rolin e t\u00eb rinjve p\u00ebrmes nd\u00ebrmarrjes s\u00eb nismave qytetare dhe politike. T\u00eb rinjt\u00eb jan\u00eb pasuria m\u00eb e madhe <a href=\"https:\/\/www.cbc.org.al\/sq\/blog\/projects\/rinia-politikat-dhe-qytetaria-aktive\/\"> [...]<\/a><\/p><\/div><\/div><\/div><\/article><article id=\"portfolio-2-post-4470\" class=\"fusion-portfolio-post fuqizimi-i-te-rinjve fusion-col-spacing post-4470\"><div class=\"fusion-portfolio-content-wrapper\" style=\"border:none;background-color:var(--awb-color1);\"><span class=\"vcard rich-snippet-hidden\"><span class=\"fn\"><a href=\"https:\/\/www.cbc.org.al\/sq\/blog\/author\/cbc-admin\/\" title=\"Posts by cbc-admin\" rel=\"author\">cbc-admin<\/a><\/span><\/span><span class=\"updated rich-snippet-hidden\">2025-11-07T10:40:48+00:00<\/span><div  class=\"fusion-image-wrapper\" aria-haspopup=\"true\">\n\t\t\t\t<img decoding=\"async\" width=\"1280\" height=\"960\" src=\"https:\/\/www.cbc.org.al\/wp-content\/uploads\/2024\/04\/IMG-20240411-WA0000.jpg\" class=\"attachment-full size-full lazyload wp-post-image\" alt=\"\" srcset=\"data:image\/svg+xml,%3Csvg%20xmlns%3D%27http%3A%2F%2Fwww.w3.org%2F2000%2Fsvg%27%20width%3D%271280%27%20height%3D%27960%27%20viewBox%3D%270%200%201280%20960%27%3E%3Crect%20width%3D%271280%27%20height%3D%27960%27%20fill-opacity%3D%220%22%2F%3E%3C%2Fsvg%3E\" data-orig-src=\"https:\/\/www.cbc.org.al\/wp-content\/uploads\/2024\/04\/IMG-20240411-WA0000.jpg\" data-srcset=\"https:\/\/www.cbc.org.al\/wp-content\/uploads\/2024\/04\/IMG-20240411-WA0000-200x150.jpg 200w, https:\/\/www.cbc.org.al\/wp-content\/uploads\/2024\/04\/IMG-20240411-WA0000-400x300.jpg 400w, https:\/\/www.cbc.org.al\/wp-content\/uploads\/2024\/04\/IMG-20240411-WA0000-600x450.jpg 600w, https:\/\/www.cbc.org.al\/wp-content\/uploads\/2024\/04\/IMG-20240411-WA0000-800x600.jpg 800w, https:\/\/www.cbc.org.al\/wp-content\/uploads\/2024\/04\/IMG-20240411-WA0000-1200x900.jpg 1200w, https:\/\/www.cbc.org.al\/wp-content\/uploads\/2024\/04\/IMG-20240411-WA0000.jpg 1280w\" data-sizes=\"auto\" \/><div class=\"fusion-rollover\">\n\t<div class=\"fusion-rollover-content\">\n\n\t\t\t\t\t\t\t\t\t\t\t\t\t\t<a class=\"fusion-rollover-link\" href=\"https:\/\/www.cbc.org.al\/sq\/blog\/projects\/games-4-change\/\">Games 4 Change<\/a>\n\t\t\t\n\t\t\t\t\t\t\t\t\t\t\t\t\t\t\n\t\t\t\t\t\t\t\t\n\t\t\t\t\t\t\t\t\t\t\t\t\t<div class=\"fusion-rollover-sep\"><\/div>\n\t\t\t\t\n\t\t\t\t\t\t\t\t\t\t\t\t\t\t\t\t\t\t<a class=\"fusion-rollover-gallery\" href=\"https:\/\/www.cbc.org.al\/wp-content\/uploads\/2024\/04\/IMG-20240411-WA0000.jpg\" data-options=\"\" data-id=\"4470\" data-rel=\"iLightbox[gallery-rw-2]\" data-title=\"IMG-20240411-WA0000\" data-caption=\"\">\n\t\t\t\t\t\tGallery\t\t\t\t\t<\/a>\n\t\t\t\t\t\t\t\t\t\t\t\t\t\t\n\t\t\n\t\t\t\t\t\t\t\t\n\t\t\t\t\t\t\t\t\n\t\t\n\t\t\t\t\t\t<a class=\"fusion-link-wrapper\" href=\"https:\/\/www.cbc.org.al\/sq\/blog\/projects\/games-4-change\/\" aria-label=\"Games 4 Change\"><\/a>\n\t<\/div>\n<\/div>\n<\/div>\n<div class=\"fusion-portfolio-content\" style=\"background-color:var(--awb-color1);\"><h2 class=\"entry-title fusion-post-title\"><a href=\"https:\/\/www.cbc.org.al\/sq\/blog\/projects\/games-4-change\/\">Games 4 Change<\/a><\/h2><div class=\"fusion-portfolio-meta\"><a href=\"https:\/\/www.cbc.org.al\/sq\/project-category\/fuqizimi-i-te-rinjve\/\" rel=\"tag\">Fuqizimi i t\u00eb Rinjve<\/a><\/div><div class=\"fusion-content-sep sep-none\" style=\"border-color:var(--awb-color3);\"><\/div><div class=\"fusion-post-content\"><p> Loj\u00ebrat p\u00ebr Ndryshim \u00ebsht\u00eb nj\u00eb projekt i financuar nga Bashkimi Evropian, i zbatuar n\u00eb 4 vende evropiane: Shqip\u00ebria, Italia, Bosnja dhe Hercegovina dhe Rumania. <a href=\"https:\/\/www.cbc.org.al\/sq\/blog\/projects\/games-4-change\/\"> [...]<\/a><\/p><\/div><\/div><\/div><\/article><article id=\"portfolio-2-post-4046\" class=\"fusion-portfolio-post fuqizimi-i-te-rinjve fusion-col-spacing post-4046\"><div class=\"fusion-portfolio-content-wrapper\" style=\"border:none;background-color:var(--awb-color1);\"><span class=\"vcard rich-snippet-hidden\"><span class=\"fn\"><a href=\"https:\/\/www.cbc.org.al\/sq\/blog\/author\/cbc-admin\/\" title=\"Posts by cbc-admin\" rel=\"author\">cbc-admin<\/a><\/span><\/span><span class=\"updated rich-snippet-hidden\">2024-10-03T17:29:44+00:00<\/span><div  class=\"fusion-image-wrapper\" aria-haspopup=\"true\">\n\t\t\t\t<img decoding=\"async\" width=\"2150\" height=\"1050\" src=\"https:\/\/www.cbc.org.al\/wp-content\/uploads\/2023\/03\/banner-yld-f1.jpg\" class=\"attachment-full size-full lazyload wp-post-image\" alt=\"\" srcset=\"data:image\/svg+xml,%3Csvg%20xmlns%3D%27http%3A%2F%2Fwww.w3.org%2F2000%2Fsvg%27%20width%3D%272150%27%20height%3D%271050%27%20viewBox%3D%270%200%202150%201050%27%3E%3Crect%20width%3D%272150%27%20height%3D%271050%27%20fill-opacity%3D%220%22%2F%3E%3C%2Fsvg%3E\" data-orig-src=\"https:\/\/www.cbc.org.al\/wp-content\/uploads\/2023\/03\/banner-yld-f1.jpg\" data-srcset=\"https:\/\/www.cbc.org.al\/wp-content\/uploads\/2023\/03\/banner-yld-f1-200x98.jpg 200w, https:\/\/www.cbc.org.al\/wp-content\/uploads\/2023\/03\/banner-yld-f1-400x195.jpg 400w, https:\/\/www.cbc.org.al\/wp-content\/uploads\/2023\/03\/banner-yld-f1-600x293.jpg 600w, https:\/\/www.cbc.org.al\/wp-content\/uploads\/2023\/03\/banner-yld-f1-800x391.jpg 800w, https:\/\/www.cbc.org.al\/wp-content\/uploads\/2023\/03\/banner-yld-f1-1200x586.jpg 1200w, https:\/\/www.cbc.org.al\/wp-content\/uploads\/2023\/03\/banner-yld-f1.jpg 2150w\" data-sizes=\"auto\" \/><div class=\"fusion-rollover\">\n\t<div class=\"fusion-rollover-content\">\n\n\t\t\t\t\t\t\t\t\t\t\t\t\t\t<a class=\"fusion-rollover-link\" href=\"https:\/\/www.cbc.org.al\/sq\/blog\/projects\/pjesemarrja-politike-e-te-rinjve-ne-zgjedhjet-lokale-kryetar-bashkie-per-nje-dite\/\">Pjes\u00ebmarrja politike e t\u00eb rinjve n\u00eb zgjedhjet lokale: Kryetar bashkie p\u00ebr nj\u00eb dit\u00eb<\/a>\n\t\t\t\n\t\t\t\t\t\t\t\t\t\t\t\t\t\t\n\t\t\t\t\t\t\t\t\n\t\t\t\t\t\t\t\t\t\t\t\t\t<div class=\"fusion-rollover-sep\"><\/div>\n\t\t\t\t\n\t\t\t\t\t\t\t\t\t\t\t\t\t\t\t\t\t\t<a class=\"fusion-rollover-gallery\" href=\"https:\/\/www.cbc.org.al\/wp-content\/uploads\/2023\/03\/banner-yld-f1.jpg\" data-options=\"\" data-id=\"4046\" data-rel=\"iLightbox[gallery-rw-2]\" data-title=\"banner-yld-f1\" data-caption=\"\">\n\t\t\t\t\t\tGallery\t\t\t\t\t<\/a>\n\t\t\t\t\t\t\t\t\t\t\t\t\t\t\n\t\t\n\t\t\t\t\t\t\t\t\n\t\t\t\t\t\t\t\t\n\t\t\n\t\t\t\t\t\t<a class=\"fusion-link-wrapper\" href=\"https:\/\/www.cbc.org.al\/sq\/blog\/projects\/pjesemarrja-politike-e-te-rinjve-ne-zgjedhjet-lokale-kryetar-bashkie-per-nje-dite\/\" aria-label=\"Pjes\u00ebmarrja politike e t\u00eb rinjve n\u00eb zgjedhjet lokale: Kryetar bashkie p\u00ebr nj\u00eb dit\u00eb\"><\/a>\n\t<\/div>\n<\/div>\n<\/div>\n<div class=\"fusion-portfolio-content\" style=\"background-color:var(--awb-color1);\"><h2 class=\"entry-title fusion-post-title\"><a href=\"https:\/\/www.cbc.org.al\/sq\/blog\/projects\/pjesemarrja-politike-e-te-rinjve-ne-zgjedhjet-lokale-kryetar-bashkie-per-nje-dite\/\">Pjes\u00ebmarrja politike e t\u00eb rinjve n\u00eb zgjedhjet lokale: Kryetar bashkie p\u00ebr nj\u00eb dit\u00eb<\/a><\/h2><div class=\"fusion-portfolio-meta\"><a href=\"https:\/\/www.cbc.org.al\/sq\/project-category\/fuqizimi-i-te-rinjve\/\" rel=\"tag\">Fuqizimi i t\u00eb Rinjve<\/a><\/div><div class=\"fusion-content-sep sep-none\" style=\"border-color:var(--awb-color3);\"><\/div><div class=\"fusion-post-content\"><p> Ky projekt synon t\u00eb nxit\u00eb dhe promovoj\u00eb rolin e t\u00eb rinjve p\u00ebrmes nd\u00ebrmarrjes s\u00eb nismave qytetare dhe politike. T\u00eb rinjt\u00eb jan\u00eb pasuria m\u00eb e <a href=\"https:\/\/www.cbc.org.al\/sq\/blog\/projects\/pjesemarrja-politike-e-te-rinjve-ne-zgjedhjet-lokale-kryetar-bashkie-per-nje-dite\/\"> [...]<\/a><\/p><\/div><\/div><\/div><\/article><article id=\"portfolio-2-post-3389\" class=\"fusion-portfolio-post mjedisi fusion-col-spacing post-3389\"><div class=\"fusion-portfolio-content-wrapper\" style=\"border:none;background-color:var(--awb-color1);\"><span class=\"vcard rich-snippet-hidden\"><span class=\"fn\"><a href=\"https:\/\/www.cbc.org.al\/sq\/blog\/author\/cbc-admin\/\" title=\"Posts by cbc-admin\" rel=\"author\">cbc-admin<\/a><\/span><\/span><span class=\"updated rich-snippet-hidden\">2024-04-18T09:48:19+00:00<\/span><div  class=\"fusion-image-wrapper\" aria-haspopup=\"true\">\n\t\t\t\t<img decoding=\"async\" width=\"1000\" height=\"666\" src=\"https:\/\/www.cbc.org.al\/wp-content\/uploads\/2022\/12\/activity_cop_1.jpg\" class=\"attachment-full size-full lazyload wp-post-image\" alt=\"\" srcset=\"data:image\/svg+xml,%3Csvg%20xmlns%3D%27http%3A%2F%2Fwww.w3.org%2F2000%2Fsvg%27%20width%3D%271000%27%20height%3D%27666%27%20viewBox%3D%270%200%201000%20666%27%3E%3Crect%20width%3D%271000%27%20height%3D%27666%27%20fill-opacity%3D%220%22%2F%3E%3C%2Fsvg%3E\" data-orig-src=\"https:\/\/www.cbc.org.al\/wp-content\/uploads\/2022\/12\/activity_cop_1.jpg\" data-srcset=\"https:\/\/www.cbc.org.al\/wp-content\/uploads\/2022\/12\/activity_cop_1-200x133.jpg 200w, https:\/\/www.cbc.org.al\/wp-content\/uploads\/2022\/12\/activity_cop_1-400x266.jpg 400w, https:\/\/www.cbc.org.al\/wp-content\/uploads\/2022\/12\/activity_cop_1-600x400.jpg 600w, https:\/\/www.cbc.org.al\/wp-content\/uploads\/2022\/12\/activity_cop_1-800x533.jpg 800w, https:\/\/www.cbc.org.al\/wp-content\/uploads\/2022\/12\/activity_cop_1.jpg 1000w\" data-sizes=\"auto\" \/><div class=\"fusion-rollover\">\n\t<div class=\"fusion-rollover-content\">\n\n\t\t\t\t\t\t\t\t\t\t\t\t\t\t<a class=\"fusion-rollover-link\" href=\"https:\/\/www.cbc.org.al\/sq\/blog\/projects\/effective-environmental-policy-on-climate-change\/\">Politika mjedisore efektive ndaj ndryshimit klimatik<\/a>\n\t\t\t\n\t\t\t\t\t\t\t\t\t\t\t\t\t\t\n\t\t\t\t\t\t\t\t\n\t\t\t\t\t\t\t\t\t\t\t\t\t<div class=\"fusion-rollover-sep\"><\/div>\n\t\t\t\t\n\t\t\t\t\t\t\t\t\t\t\t\t\t\t\t\t\t\t<a class=\"fusion-rollover-gallery\" href=\"https:\/\/www.cbc.org.al\/wp-content\/uploads\/2022\/12\/activity_cop_1.jpg\" data-options=\"\" data-id=\"3389\" data-rel=\"iLightbox[gallery-rw-2]\" data-title=\"activity_cop_1\" data-caption=\"\">\n\t\t\t\t\t\tGallery\t\t\t\t\t<\/a>\n\t\t\t\t\t\t\t\t\t\t\t\t\t\t\n\t\t\n\t\t\t\t\t\t\t\t\n\t\t\t\t\t\t\t\t\n\t\t\n\t\t\t\t\t\t<a class=\"fusion-link-wrapper\" href=\"https:\/\/www.cbc.org.al\/sq\/blog\/projects\/effective-environmental-policy-on-climate-change\/\" aria-label=\"Politika mjedisore efektive ndaj ndryshimit klimatik\"><\/a>\n\t<\/div>\n<\/div>\n<\/div>\n<div class=\"fusion-portfolio-content\" style=\"background-color:var(--awb-color1);\"><h2 class=\"entry-title fusion-post-title\"><a href=\"https:\/\/www.cbc.org.al\/sq\/blog\/projects\/effective-environmental-policy-on-climate-change\/\">Politika mjedisore efektive ndaj ndryshimit klimatik<\/a><\/h2><div class=\"fusion-portfolio-meta\"><a href=\"https:\/\/www.cbc.org.al\/sq\/project-category\/mjedisi\/\" rel=\"tag\">Mjedisi<\/a><\/div><div class=\"fusion-content-sep sep-none\" style=\"border-color:var(--awb-color3);\"><\/div><div class=\"fusion-post-content\"><p>Shqip\u00ebria si nj\u00eb vend q\u00eb \u00ebsht\u00eb pjes\u00eb e kontinentit europian dhe proceseve t\u00eb an\u00ebtar\u00ebsimit n\u00eb BE ka orientuar vullnetin dhe p\u00ebrpjekjet e saj politike p\u00ebr <a href=\"https:\/\/www.cbc.org.al\/sq\/blog\/projects\/effective-environmental-policy-on-climate-change\/\"> [...]<\/a><\/p><\/div><\/div><\/div><\/article><article id=\"portfolio-2-post-3393\" class=\"fusion-portfolio-post fuqizimi-i-te-rinjve fusion-col-spacing post-3393\"><div class=\"fusion-portfolio-content-wrapper\" style=\"border:none;background-color:var(--awb-color1);\"><span class=\"vcard rich-snippet-hidden\"><span class=\"fn\"><a href=\"https:\/\/www.cbc.org.al\/sq\/blog\/author\/cbc-admin\/\" title=\"Posts by cbc-admin\" rel=\"author\">cbc-admin<\/a><\/span><\/span><span class=\"updated rich-snippet-hidden\">2024-10-03T17:24:30+00:00<\/span><div  class=\"fusion-image-wrapper\" aria-haspopup=\"true\">\n\t\t\t\t<img decoding=\"async\" width=\"2000\" height=\"1125\" src=\"https:\/\/www.cbc.org.al\/wp-content\/uploads\/2022\/09\/takimi-03-fp.jpg\" class=\"attachment-full size-full lazyload wp-post-image\" alt=\"\" srcset=\"data:image\/svg+xml,%3Csvg%20xmlns%3D%27http%3A%2F%2Fwww.w3.org%2F2000%2Fsvg%27%20width%3D%272000%27%20height%3D%271125%27%20viewBox%3D%270%200%202000%201125%27%3E%3Crect%20width%3D%272000%27%20height%3D%271125%27%20fill-opacity%3D%220%22%2F%3E%3C%2Fsvg%3E\" data-orig-src=\"https:\/\/www.cbc.org.al\/wp-content\/uploads\/2022\/09\/takimi-03-fp.jpg\" data-srcset=\"https:\/\/www.cbc.org.al\/wp-content\/uploads\/2022\/09\/takimi-03-fp-200x113.jpg 200w, https:\/\/www.cbc.org.al\/wp-content\/uploads\/2022\/09\/takimi-03-fp-400x225.jpg 400w, https:\/\/www.cbc.org.al\/wp-content\/uploads\/2022\/09\/takimi-03-fp-600x338.jpg 600w, https:\/\/www.cbc.org.al\/wp-content\/uploads\/2022\/09\/takimi-03-fp-800x450.jpg 800w, https:\/\/www.cbc.org.al\/wp-content\/uploads\/2022\/09\/takimi-03-fp-1200x675.jpg 1200w, https:\/\/www.cbc.org.al\/wp-content\/uploads\/2022\/09\/takimi-03-fp.jpg 2000w\" data-sizes=\"auto\" \/><div class=\"fusion-rollover\">\n\t<div class=\"fusion-rollover-content\">\n\n\t\t\t\t\t\t\t\t\t\t\t\t\t\t<a class=\"fusion-rollover-link\" href=\"https:\/\/www.cbc.org.al\/sq\/blog\/projects\/forumi-i-reporteve-te-rinj-per-diversitetin\/\">Forumi i reporter\u00ebve t\u00eb rinj p\u00ebr diversitetin<\/a>\n\t\t\t\n\t\t\t\t\t\t\t\t\t\t\t\t\t\t\n\t\t\t\t\t\t\t\t\n\t\t\t\t\t\t\t\t\t\t\t\t\t<div class=\"fusion-rollover-sep\"><\/div>\n\t\t\t\t\n\t\t\t\t\t\t\t\t\t\t\t\t\t\t\t\t\t\t<a class=\"fusion-rollover-gallery\" href=\"https:\/\/www.cbc.org.al\/wp-content\/uploads\/2022\/09\/takimi-03-fp.jpg\" data-options=\"\" data-id=\"3393\" data-rel=\"iLightbox[gallery-rw-2]\" data-title=\"takimi-03-fp\" data-caption=\"\">\n\t\t\t\t\t\tGallery\t\t\t\t\t<\/a>\n\t\t\t\t\t\t\t\t\t\t\t\t\t\t\n\t\t\n\t\t\t\t\t\t\t\t\n\t\t\t\t\t\t\t\t\n\t\t\n\t\t\t\t\t\t<a class=\"fusion-link-wrapper\" href=\"https:\/\/www.cbc.org.al\/sq\/blog\/projects\/forumi-i-reporteve-te-rinj-per-diversitetin\/\" aria-label=\"Forumi i reporter\u00ebve t\u00eb rinj p\u00ebr diversitetin\"><\/a>\n\t<\/div>\n<\/div>\n<\/div>\n<div class=\"fusion-portfolio-content\" style=\"background-color:var(--awb-color1);\"><h2 class=\"entry-title fusion-post-title\"><a href=\"https:\/\/www.cbc.org.al\/sq\/blog\/projects\/forumi-i-reporteve-te-rinj-per-diversitetin\/\">Forumi i reporter\u00ebve t\u00eb rinj p\u00ebr diversitetin<\/a><\/h2><div class=\"fusion-portfolio-meta\"><a href=\"https:\/\/www.cbc.org.al\/sq\/project-category\/fuqizimi-i-te-rinjve\/\" rel=\"tag\">Fuqizimi i t\u00eb Rinjve<\/a><\/div><div class=\"fusion-content-sep sep-none\" style=\"border-color:var(--awb-color3);\"><\/div><div class=\"fusion-post-content\"><p>Q\u00ebllimi i p\u00ebrgjithsh\u00ebm i k\u00ebtij projekti \u00ebsht\u00eb mb\u00ebshtetja e t\u00eb rinjve n\u00eb iniciativa t\u00eb p\u00ebrbashk\u00ebta dhe gjith\u00ebp\u00ebrfshir\u00ebse, q\u00eb synojn\u00eb ridimensionimin e qasjes ndaj diversitetit n\u00eb <a href=\"https:\/\/www.cbc.org.al\/sq\/blog\/projects\/forumi-i-reporteve-te-rinj-per-diversitetin\/\"> [...]<\/a><\/p><\/div><\/div><\/div><\/article><article id=\"portfolio-2-post-3568\" class=\"fusion-portfolio-post fuqizimi-i-te-rinjve fusion-col-spacing post-3568\"><div class=\"fusion-portfolio-content-wrapper\" style=\"border:none;background-color:var(--awb-color1);\"><span class=\"vcard rich-snippet-hidden\"><span class=\"fn\"><a href=\"https:\/\/www.cbc.org.al\/sq\/blog\/author\/cbc-admin\/\" title=\"Posts by cbc-admin\" rel=\"author\">cbc-admin<\/a><\/span><\/span><span class=\"updated rich-snippet-hidden\">2024-04-18T09:57:37+00:00<\/span><div  class=\"fusion-image-wrapper\" aria-haspopup=\"true\">\n\t\t\t\t<img decoding=\"async\" width=\"1024\" height=\"601\" src=\"https:\/\/www.cbc.org.al\/wp-content\/uploads\/2022\/09\/erasmusplus-2021_2027.jpg\" class=\"attachment-full size-full lazyload wp-post-image\" alt=\"\" srcset=\"data:image\/svg+xml,%3Csvg%20xmlns%3D%27http%3A%2F%2Fwww.w3.org%2F2000%2Fsvg%27%20width%3D%271024%27%20height%3D%27601%27%20viewBox%3D%270%200%201024%20601%27%3E%3Crect%20width%3D%271024%27%20height%3D%27601%27%20fill-opacity%3D%220%22%2F%3E%3C%2Fsvg%3E\" data-orig-src=\"https:\/\/www.cbc.org.al\/wp-content\/uploads\/2022\/09\/erasmusplus-2021_2027.jpg\" data-srcset=\"https:\/\/www.cbc.org.al\/wp-content\/uploads\/2022\/09\/erasmusplus-2021_2027-200x117.jpg 200w, https:\/\/www.cbc.org.al\/wp-content\/uploads\/2022\/09\/erasmusplus-2021_2027-400x235.jpg 400w, https:\/\/www.cbc.org.al\/wp-content\/uploads\/2022\/09\/erasmusplus-2021_2027-600x352.jpg 600w, https:\/\/www.cbc.org.al\/wp-content\/uploads\/2022\/09\/erasmusplus-2021_2027-800x470.jpg 800w, https:\/\/www.cbc.org.al\/wp-content\/uploads\/2022\/09\/erasmusplus-2021_2027.jpg 1024w\" data-sizes=\"auto\" \/><div class=\"fusion-rollover\">\n\t<div class=\"fusion-rollover-content\">\n\n\t\t\t\t\t\t\t\t\t\t\t\t\t\t<a class=\"fusion-rollover-link\" href=\"https:\/\/www.cbc.org.al\/sq\/blog\/projects\/esc-erasmus\/\">ESC \/ Erasmus +<\/a>\n\t\t\t\n\t\t\t\t\t\t\t\t\t\t\t\t\t\t\n\t\t\t\t\t\t\t\t\n\t\t\t\t\t\t\t\t\t\t\t\t\t<div class=\"fusion-rollover-sep\"><\/div>\n\t\t\t\t\n\t\t\t\t\t\t\t\t\t\t\t\t\t\t\t\t\t\t<a class=\"fusion-rollover-gallery\" href=\"https:\/\/www.cbc.org.al\/wp-content\/uploads\/2022\/09\/erasmusplus-2021_2027.jpg\" data-options=\"\" data-id=\"3568\" data-rel=\"iLightbox[gallery-rw-2]\" data-title=\"erasmusplus-2021_2027\" data-caption=\"\">\n\t\t\t\t\t\tGallery\t\t\t\t\t<\/a>\n\t\t\t\t\t\t\t\t\t\t\t\t\t\t\n\t\t\n\t\t\t\t\t\t\t\t\n\t\t\t\t\t\t\t\t\n\t\t\n\t\t\t\t\t\t<a class=\"fusion-link-wrapper\" href=\"https:\/\/www.cbc.org.al\/sq\/blog\/projects\/esc-erasmus\/\" aria-label=\"ESC \/ Erasmus +\"><\/a>\n\t<\/div>\n<\/div>\n<\/div>\n<div class=\"fusion-portfolio-content\" style=\"background-color:var(--awb-color1);\"><h2 class=\"entry-title fusion-post-title\"><a href=\"https:\/\/www.cbc.org.al\/sq\/blog\/projects\/esc-erasmus\/\">ESC \/ Erasmus +<\/a><\/h2><div class=\"fusion-portfolio-meta\"><a href=\"https:\/\/www.cbc.org.al\/sq\/project-category\/fuqizimi-i-te-rinjve\/\" rel=\"tag\">Fuqizimi i t\u00eb Rinjve<\/a><\/div><div class=\"fusion-content-sep sep-none\" style=\"border-color:var(--awb-color3);\"><\/div><div class=\"fusion-post-content\"><p> Center for Bridging Communities, CBC \u00ebsht\u00eb akredituar si organizat\u00eb nga Programi i European Solidarity Corp, ESC per periudhen 2021- 2027. Objektivi i p\u00ebrgjithsh\u00ebm i <a href=\"https:\/\/www.cbc.org.al\/sq\/blog\/projects\/esc-erasmus\/\"> [...]<\/a><\/p><\/div><\/div><\/div><\/article><article id=\"portfolio-2-post-3401\" class=\"fusion-portfolio-post fuqizimi-i-te-rinjve kulture fusion-col-spacing post-3401\"><div class=\"fusion-portfolio-content-wrapper\" style=\"border:none;background-color:var(--awb-color1);\"><span class=\"vcard rich-snippet-hidden\"><span class=\"fn\"><a href=\"https:\/\/www.cbc.org.al\/sq\/blog\/author\/cbc-admin\/\" title=\"Posts by cbc-admin\" rel=\"author\">cbc-admin<\/a><\/span><\/span><span class=\"updated rich-snippet-hidden\">2024-04-24T16:11:31+00:00<\/span><div  class=\"fusion-image-wrapper\" aria-haspopup=\"true\">\n\t\t\t\t<img decoding=\"async\" width=\"1000\" height=\"563\" src=\"https:\/\/www.cbc.org.al\/wp-content\/uploads\/2022\/08\/cbc_event_art-culture-launch.jpg\" class=\"attachment-full size-full lazyload wp-post-image\" alt=\"\" srcset=\"data:image\/svg+xml,%3Csvg%20xmlns%3D%27http%3A%2F%2Fwww.w3.org%2F2000%2Fsvg%27%20width%3D%271000%27%20height%3D%27563%27%20viewBox%3D%270%200%201000%20563%27%3E%3Crect%20width%3D%271000%27%20height%3D%27563%27%20fill-opacity%3D%220%22%2F%3E%3C%2Fsvg%3E\" data-orig-src=\"https:\/\/www.cbc.org.al\/wp-content\/uploads\/2022\/08\/cbc_event_art-culture-launch.jpg\" data-srcset=\"https:\/\/www.cbc.org.al\/wp-content\/uploads\/2022\/08\/cbc_event_art-culture-launch-200x113.jpg 200w, https:\/\/www.cbc.org.al\/wp-content\/uploads\/2022\/08\/cbc_event_art-culture-launch-400x225.jpg 400w, https:\/\/www.cbc.org.al\/wp-content\/uploads\/2022\/08\/cbc_event_art-culture-launch-600x338.jpg 600w, https:\/\/www.cbc.org.al\/wp-content\/uploads\/2022\/08\/cbc_event_art-culture-launch-800x450.jpg 800w, https:\/\/www.cbc.org.al\/wp-content\/uploads\/2022\/08\/cbc_event_art-culture-launch.jpg 1000w\" data-sizes=\"auto\" \/><div class=\"fusion-rollover\">\n\t<div class=\"fusion-rollover-content\">\n\n\t\t\t\t\t\t\t\t\t\t\t\t\t\t<a class=\"fusion-rollover-link\" href=\"https:\/\/www.cbc.org.al\/sq\/blog\/projects\/eyc-tirana-artculture\/\">EYC Tirana ARTCULTURE<\/a>\n\t\t\t\n\t\t\t\t\t\t\t\t\t\t\t\t\t\t\n\t\t\t\t\t\t\t\t\n\t\t\t\t\t\t\t\t\t\t\t\t\t<div class=\"fusion-rollover-sep\"><\/div>\n\t\t\t\t\n\t\t\t\t\t\t\t\t\t\t\t\t\t\t\t\t\t\t<a class=\"fusion-rollover-gallery\" href=\"https:\/\/www.cbc.org.al\/wp-content\/uploads\/2022\/08\/cbc_event_art-culture-launch.jpg\" data-options=\"\" data-id=\"3401\" data-rel=\"iLightbox[gallery-rw-2]\" data-title=\"cbc_event_art-culture-launch\" data-caption=\"\">\n\t\t\t\t\t\tGallery\t\t\t\t\t<\/a>\n\t\t\t\t\t\t\t\t\t\t\t\t\t\t\n\t\t\n\t\t\t\t\t\t\t\t\n\t\t\t\t\t\t\t\t\n\t\t\n\t\t\t\t\t\t<a class=\"fusion-link-wrapper\" href=\"https:\/\/www.cbc.org.al\/sq\/blog\/projects\/eyc-tirana-artculture\/\" aria-label=\"EYC Tirana ARTCULTURE\"><\/a>\n\t<\/div>\n<\/div>\n<\/div>\n<div class=\"fusion-portfolio-content\" style=\"background-color:var(--awb-color1);\"><h2 class=\"entry-title fusion-post-title\"><a href=\"https:\/\/www.cbc.org.al\/sq\/blog\/projects\/eyc-tirana-artculture\/\">EYC Tirana ARTCULTURE<\/a><\/h2><div class=\"fusion-portfolio-meta\"><a href=\"https:\/\/www.cbc.org.al\/sq\/project-category\/fuqizimi-i-te-rinjve\/\" rel=\"tag\">Fuqizimi i t\u00eb Rinjve<\/a>, <a href=\"https:\/\/www.cbc.org.al\/sq\/project-category\/kulture\/\" rel=\"tag\">Kulture<\/a><\/div><div class=\"fusion-content-sep sep-none\" style=\"border-color:var(--awb-color3);\"><\/div><div class=\"fusion-post-content\"><p> Ky projekt ka p\u00ebr q\u00ebllim promovimin e traditave, zakoneve dhe historis\u00eb s\u00eb Tiran\u00ebs si dhe informimin e vizitor\u00ebve t\u00eb saj me informacion t\u00eb p\u00ebrdit\u00ebsuar <a href=\"https:\/\/www.cbc.org.al\/sq\/blog\/projects\/eyc-tirana-artculture\/\"> [...]<\/a><\/p><\/div><\/div><\/div><\/article><article id=\"portfolio-2-post-3405\" class=\"fusion-portfolio-post barazia-gjinore fuqizimi-i-te-rinjve fusion-col-spacing post-3405\"><div class=\"fusion-portfolio-content-wrapper\" style=\"border:none;background-color:var(--awb-color1);\"><span class=\"vcard rich-snippet-hidden\"><span class=\"fn\"><a href=\"https:\/\/www.cbc.org.al\/sq\/blog\/author\/cbc-admin\/\" title=\"Posts by cbc-admin\" rel=\"author\">cbc-admin<\/a><\/span><\/span><span class=\"updated rich-snippet-hidden\">2024-04-24T16:12:52+00:00<\/span><div  class=\"fusion-image-wrapper\" aria-haspopup=\"true\">\n\t\t\t\t<img decoding=\"async\" width=\"1000\" height=\"576\" src=\"https:\/\/www.cbc.org.al\/wp-content\/uploads\/2022\/09\/ambasador-of-Change1.jpg\" class=\"attachment-full size-full lazyload wp-post-image\" alt=\"\" srcset=\"data:image\/svg+xml,%3Csvg%20xmlns%3D%27http%3A%2F%2Fwww.w3.org%2F2000%2Fsvg%27%20width%3D%271000%27%20height%3D%27576%27%20viewBox%3D%270%200%201000%20576%27%3E%3Crect%20width%3D%271000%27%20height%3D%27576%27%20fill-opacity%3D%220%22%2F%3E%3C%2Fsvg%3E\" data-orig-src=\"https:\/\/www.cbc.org.al\/wp-content\/uploads\/2022\/09\/ambasador-of-Change1.jpg\" data-srcset=\"https:\/\/www.cbc.org.al\/wp-content\/uploads\/2022\/09\/ambasador-of-Change1-200x115.jpg 200w, https:\/\/www.cbc.org.al\/wp-content\/uploads\/2022\/09\/ambasador-of-Change1-400x230.jpg 400w, https:\/\/www.cbc.org.al\/wp-content\/uploads\/2022\/09\/ambasador-of-Change1-600x346.jpg 600w, https:\/\/www.cbc.org.al\/wp-content\/uploads\/2022\/09\/ambasador-of-Change1-800x461.jpg 800w, https:\/\/www.cbc.org.al\/wp-content\/uploads\/2022\/09\/ambasador-of-Change1.jpg 1000w\" data-sizes=\"auto\" \/><div class=\"fusion-rollover\">\n\t<div class=\"fusion-rollover-content\">\n\n\t\t\t\t\t\t\t\t\t\t\t\t\t\t<a class=\"fusion-rollover-link\" href=\"https:\/\/www.cbc.org.al\/sq\/blog\/projects\/ambasadoret-e-ndryshimit-kundershtimi-i-dhunes-ndaj-grave-permes-artit\/\">Ambasador\u00ebt e ndryshimit: Kund\u00ebrshtimi i dhun\u00ebs ndaj grave p\u00ebrmes artit<\/a>\n\t\t\t\n\t\t\t\t\t\t\t\t\t\t\t\t\t\t\n\t\t\t\t\t\t\t\t\n\t\t\t\t\t\t\t\t\t\t\t\t\t<div class=\"fusion-rollover-sep\"><\/div>\n\t\t\t\t\n\t\t\t\t\t\t\t\t\t\t\t\t\t\t\t\t\t\t<a class=\"fusion-rollover-gallery\" href=\"https:\/\/www.cbc.org.al\/wp-content\/uploads\/2022\/09\/ambasador-of-Change1.jpg\" data-options=\"\" data-id=\"3405\" data-rel=\"iLightbox[gallery-rw-2]\" data-title=\"ambasador of Change1\" data-caption=\"\">\n\t\t\t\t\t\tGallery\t\t\t\t\t<\/a>\n\t\t\t\t\t\t\t\t\t\t\t\t\t\t\n\t\t\n\t\t\t\t\t\t\t\t\n\t\t\t\t\t\t\t\t\n\t\t\n\t\t\t\t\t\t<a class=\"fusion-link-wrapper\" href=\"https:\/\/www.cbc.org.al\/sq\/blog\/projects\/ambasadoret-e-ndryshimit-kundershtimi-i-dhunes-ndaj-grave-permes-artit\/\" aria-label=\"Ambasador\u00ebt e ndryshimit: Kund\u00ebrshtimi i dhun\u00ebs ndaj grave p\u00ebrmes artit\"><\/a>\n\t<\/div>\n<\/div>\n<\/div>\n<div class=\"fusion-portfolio-content\" style=\"background-color:var(--awb-color1);\"><h2 class=\"entry-title fusion-post-title\"><a href=\"https:\/\/www.cbc.org.al\/sq\/blog\/projects\/ambasadoret-e-ndryshimit-kundershtimi-i-dhunes-ndaj-grave-permes-artit\/\">Ambasador\u00ebt e ndryshimit: Kund\u00ebrshtimi i dhun\u00ebs ndaj grave p\u00ebrmes artit<\/a><\/h2><div class=\"fusion-portfolio-meta\"><a href=\"https:\/\/www.cbc.org.al\/sq\/project-category\/barazia-gjinore\/\" rel=\"tag\">Barazia Gjinore<\/a>, <a href=\"https:\/\/www.cbc.org.al\/sq\/project-category\/fuqizimi-i-te-rinjve\/\" rel=\"tag\">Fuqizimi i t\u00eb Rinjve<\/a><\/div><div class=\"fusion-content-sep sep-none\" style=\"border-color:var(--awb-color3);\"><\/div><div class=\"fusion-post-content\"><p>Projekti synon t\u00eb ofroj\u00eb nj\u00eb mund\u00ebsi p\u00ebr nx\u00ebn\u00ebsit q\u00eb t\u00eb b\u00ebjn\u00eb ndryshime n\u00eb shkoll\u00ebn e tyre dhe n\u00eb komunitetin e gjer\u00eb, si ambasador\u00eb t\u00eb barazis\u00eb <a href=\"https:\/\/www.cbc.org.al\/sq\/blog\/projects\/ambasadoret-e-ndryshimit-kundershtimi-i-dhunes-ndaj-grave-permes-artit\/\"> [...]<\/a><\/p><\/div><\/div><\/div><\/article><article id=\"portfolio-2-post-3563\" class=\"fusion-portfolio-post fuqizimi-i-te-rinjve fusion-col-spacing post-3563\"><div class=\"fusion-portfolio-content-wrapper\" style=\"border:none;background-color:var(--awb-color1);\"><span class=\"vcard rich-snippet-hidden\"><span class=\"fn\"><a href=\"https:\/\/www.cbc.org.al\/sq\/blog\/author\/cbc-admin\/\" title=\"Posts by cbc-admin\" rel=\"author\">cbc-admin<\/a><\/span><\/span><span class=\"updated rich-snippet-hidden\">2024-10-03T17:48:46+00:00<\/span><div  class=\"fusion-image-wrapper\" aria-haspopup=\"true\">\n\t\t\t\t<img decoding=\"async\" width=\"1000\" height=\"666\" src=\"https:\/\/www.cbc.org.al\/wp-content\/uploads\/2022\/09\/2game-changer.jpg\" class=\"attachment-full size-full lazyload wp-post-image\" alt=\"\" srcset=\"data:image\/svg+xml,%3Csvg%20xmlns%3D%27http%3A%2F%2Fwww.w3.org%2F2000%2Fsvg%27%20width%3D%271000%27%20height%3D%27666%27%20viewBox%3D%270%200%201000%20666%27%3E%3Crect%20width%3D%271000%27%20height%3D%27666%27%20fill-opacity%3D%220%22%2F%3E%3C%2Fsvg%3E\" data-orig-src=\"https:\/\/www.cbc.org.al\/wp-content\/uploads\/2022\/09\/2game-changer.jpg\" data-srcset=\"https:\/\/www.cbc.org.al\/wp-content\/uploads\/2022\/09\/2game-changer-200x133.jpg 200w, https:\/\/www.cbc.org.al\/wp-content\/uploads\/2022\/09\/2game-changer-400x266.jpg 400w, https:\/\/www.cbc.org.al\/wp-content\/uploads\/2022\/09\/2game-changer-600x400.jpg 600w, https:\/\/www.cbc.org.al\/wp-content\/uploads\/2022\/09\/2game-changer-800x533.jpg 800w, https:\/\/www.cbc.org.al\/wp-content\/uploads\/2022\/09\/2game-changer.jpg 1000w\" data-sizes=\"auto\" \/><div class=\"fusion-rollover\">\n\t<div class=\"fusion-rollover-content\">\n\n\t\t\t\t\t\t\t\t\t\t\t\t\t\t<a class=\"fusion-rollover-link\" href=\"https:\/\/www.cbc.org.al\/sq\/blog\/projects\/game-changer-radical-awareness-game-engagement\/\">Game Changer \u2013 Radical Awareness Game Engagement<\/a>\n\t\t\t\n\t\t\t\t\t\t\t\t\t\t\t\t\t\t\n\t\t\t\t\t\t\t\t\n\t\t\t\t\t\t\t\t\t\t\t\t\t<div class=\"fusion-rollover-sep\"><\/div>\n\t\t\t\t\n\t\t\t\t\t\t\t\t\t\t\t\t\t\t\t\t\t\t<a class=\"fusion-rollover-gallery\" href=\"https:\/\/www.cbc.org.al\/wp-content\/uploads\/2022\/09\/2game-changer.jpg\" data-options=\"\" data-id=\"3563\" data-rel=\"iLightbox[gallery-rw-2]\" data-title=\"2game-changer\" data-caption=\"\">\n\t\t\t\t\t\tGallery\t\t\t\t\t<\/a>\n\t\t\t\t\t\t\t\t\t\t\t\t\t\t\n\t\t\n\t\t\t\t\t\t\t\t\n\t\t\t\t\t\t\t\t\n\t\t\n\t\t\t\t\t\t<a class=\"fusion-link-wrapper\" href=\"https:\/\/www.cbc.org.al\/sq\/blog\/projects\/game-changer-radical-awareness-game-engagement\/\" aria-label=\"Game Changer \u2013 Radical Awareness Game Engagement\"><\/a>\n\t<\/div>\n<\/div>\n<\/div>\n<div class=\"fusion-portfolio-content\" style=\"background-color:var(--awb-color1);\"><h2 class=\"entry-title fusion-post-title\"><a href=\"https:\/\/www.cbc.org.al\/sq\/blog\/projects\/game-changer-radical-awareness-game-engagement\/\">Game Changer \u2013 Radical Awareness Game Engagement<\/a><\/h2><div class=\"fusion-portfolio-meta\"><a href=\"https:\/\/www.cbc.org.al\/sq\/project-category\/fuqizimi-i-te-rinjve\/\" rel=\"tag\">Fuqizimi i t\u00eb Rinjve<\/a><\/div><div class=\"fusion-content-sep sep-none\" style=\"border-color:var(--awb-color3);\"><\/div><div class=\"fusion-post-content\"><p>Projekti \u201cGame Changer\u201d p\u00ebrfshin nj\u00eb s\u00ebr\u00eb loj\u00ebrash edukuese dhe inovative, t\u00eb adaptueshme p\u00ebr tu zhvilluar n\u00eb qytet duke ndihmuar t\u00eb rinjt\u00eb t\u00eb adresojn\u00eb c\u00ebshtjet me <a href=\"https:\/\/www.cbc.org.al\/sq\/blog\/projects\/game-changer-radical-awareness-game-engagement\/\"> [...]<\/a><\/p><\/div><\/div><\/div><\/article><article id=\"portfolio-2-post-3410\" class=\"fusion-portfolio-post mireqeverisja fusion-col-spacing post-3410\"><div class=\"fusion-portfolio-content-wrapper\" style=\"border:none;background-color:var(--awb-color1);\"><span class=\"vcard rich-snippet-hidden\"><span class=\"fn\"><a href=\"https:\/\/www.cbc.org.al\/sq\/blog\/author\/cbc-admin\/\" title=\"Posts by cbc-admin\" rel=\"author\">cbc-admin<\/a><\/span><\/span><span class=\"updated rich-snippet-hidden\">2026-03-05T16:30:53+00:00<\/span><div  class=\"fusion-image-wrapper\" aria-haspopup=\"true\">\n\t\t\t\t<img decoding=\"async\" width=\"1000\" height=\"666\" src=\"https:\/\/www.cbc.org.al\/wp-content\/uploads\/2022\/09\/project_atelier_librazhd-1.jpg\" class=\"attachment-full size-full lazyload wp-post-image\" alt=\"\" srcset=\"data:image\/svg+xml,%3Csvg%20xmlns%3D%27http%3A%2F%2Fwww.w3.org%2F2000%2Fsvg%27%20width%3D%271000%27%20height%3D%27666%27%20viewBox%3D%270%200%201000%20666%27%3E%3Crect%20width%3D%271000%27%20height%3D%27666%27%20fill-opacity%3D%220%22%2F%3E%3C%2Fsvg%3E\" data-orig-src=\"https:\/\/www.cbc.org.al\/wp-content\/uploads\/2022\/09\/project_atelier_librazhd-1.jpg\" data-srcset=\"https:\/\/www.cbc.org.al\/wp-content\/uploads\/2022\/09\/project_atelier_librazhd-1-200x133.jpg 200w, https:\/\/www.cbc.org.al\/wp-content\/uploads\/2022\/09\/project_atelier_librazhd-1-400x266.jpg 400w, https:\/\/www.cbc.org.al\/wp-content\/uploads\/2022\/09\/project_atelier_librazhd-1-600x400.jpg 600w, https:\/\/www.cbc.org.al\/wp-content\/uploads\/2022\/09\/project_atelier_librazhd-1-800x533.jpg 800w, https:\/\/www.cbc.org.al\/wp-content\/uploads\/2022\/09\/project_atelier_librazhd-1.jpg 1000w\" data-sizes=\"auto\" \/><div class=\"fusion-rollover\">\n\t<div class=\"fusion-rollover-content\">\n\n\t\t\t\t\t\t\t\t\t\t\t\t\t\t<a class=\"fusion-rollover-link\" href=\"https:\/\/www.cbc.org.al\/sq\/blog\/projects\/atelier-librazhd\/\">Atelier Librazhd<\/a>\n\t\t\t\n\t\t\t\t\t\t\t\t\t\t\t\t\t\t\n\t\t\t\t\t\t\t\t\n\t\t\t\t\t\t\t\t\t\t\t\t\t<div class=\"fusion-rollover-sep\"><\/div>\n\t\t\t\t\n\t\t\t\t\t\t\t\t\t\t\t\t\t\t\t\t\t\t<a class=\"fusion-rollover-gallery\" href=\"https:\/\/www.cbc.org.al\/wp-content\/uploads\/2022\/09\/project_atelier_librazhd-1.jpg\" data-options=\"\" data-id=\"3410\" data-rel=\"iLightbox[gallery-rw-2]\" data-title=\"project_atelier_librazhd-1\" data-caption=\"\">\n\t\t\t\t\t\tGallery\t\t\t\t\t<\/a>\n\t\t\t\t\t\t\t\t\t\t\t\t\t\t\n\t\t\n\t\t\t\t\t\t\t\t\n\t\t\t\t\t\t\t\t\n\t\t\n\t\t\t\t\t\t<a class=\"fusion-link-wrapper\" href=\"https:\/\/www.cbc.org.al\/sq\/blog\/projects\/atelier-librazhd\/\" aria-label=\"Atelier Librazhd\"><\/a>\n\t<\/div>\n<\/div>\n<\/div>\n<div class=\"fusion-portfolio-content\" style=\"background-color:var(--awb-color1);\"><h2 class=\"entry-title fusion-post-title\"><a href=\"https:\/\/www.cbc.org.al\/sq\/blog\/projects\/atelier-librazhd\/\">Atelier Librazhd<\/a><\/h2><div class=\"fusion-portfolio-meta\"><a href=\"https:\/\/www.cbc.org.al\/sq\/project-category\/mireqeverisja\/\" rel=\"tag\">Mir\u00ebqeverisja<\/a><\/div><div class=\"fusion-content-sep sep-none\" style=\"border-color:var(--awb-color3);\"><\/div><div class=\"fusion-post-content\"><p>Atelier Librazhd \u00ebsht\u00eb nj\u00eb projekt pilot dhe nj\u00eb ushtrim eksperimental i planifikimit proaktiv, nj\u00eb Do-Tank q\u00eb zhvillon ide dhe koncepte p\u00ebr qytetin e Librazhdit. Objektivi <a href=\"https:\/\/www.cbc.org.al\/sq\/blog\/projects\/atelier-librazhd\/\"> [...]<\/a><\/p><\/div><\/div><\/div><\/article><article id=\"portfolio-2-post-3415\" class=\"fusion-portfolio-post mireqeverisja fusion-col-spacing post-3415\"><div class=\"fusion-portfolio-content-wrapper\" style=\"border:none;background-color:var(--awb-color1);\"><span class=\"vcard rich-snippet-hidden\"><span class=\"fn\"><a href=\"https:\/\/www.cbc.org.al\/sq\/blog\/author\/cbc-admin\/\" title=\"Posts by cbc-admin\" rel=\"author\">cbc-admin<\/a><\/span><\/span><span class=\"updated rich-snippet-hidden\">2024-10-03T17:38:57+00:00<\/span><div  class=\"fusion-image-wrapper\" aria-haspopup=\"true\">\n\t\t\t\t<img decoding=\"async\" width=\"1024\" height=\"706\" src=\"https:\/\/www.cbc.org.al\/wp-content\/uploads\/2022\/09\/4-enhancing-local-voices.jpg\" class=\"attachment-full size-full lazyload wp-post-image\" alt=\"\" srcset=\"data:image\/svg+xml,%3Csvg%20xmlns%3D%27http%3A%2F%2Fwww.w3.org%2F2000%2Fsvg%27%20width%3D%271024%27%20height%3D%27706%27%20viewBox%3D%270%200%201024%20706%27%3E%3Crect%20width%3D%271024%27%20height%3D%27706%27%20fill-opacity%3D%220%22%2F%3E%3C%2Fsvg%3E\" data-orig-src=\"https:\/\/www.cbc.org.al\/wp-content\/uploads\/2022\/09\/4-enhancing-local-voices.jpg\" data-srcset=\"https:\/\/www.cbc.org.al\/wp-content\/uploads\/2022\/09\/4-enhancing-local-voices-200x138.jpg 200w, https:\/\/www.cbc.org.al\/wp-content\/uploads\/2022\/09\/4-enhancing-local-voices-400x276.jpg 400w, https:\/\/www.cbc.org.al\/wp-content\/uploads\/2022\/09\/4-enhancing-local-voices-600x414.jpg 600w, https:\/\/www.cbc.org.al\/wp-content\/uploads\/2022\/09\/4-enhancing-local-voices-800x552.jpg 800w, https:\/\/www.cbc.org.al\/wp-content\/uploads\/2022\/09\/4-enhancing-local-voices.jpg 1024w\" data-sizes=\"auto\" \/><div class=\"fusion-rollover\">\n\t<div class=\"fusion-rollover-content\">\n\n\t\t\t\t\t\t\t\t\t\t\t\t\t\t<a class=\"fusion-rollover-link\" href=\"https:\/\/www.cbc.org.al\/sq\/blog\/projects\/enhancing-local-voices-to-counter-violent-extremism\/\">Fuqizimi i z\u00ebrave lokal\u00eb p\u00ebr t\u00eb luftuar ekstremizmin e dhunsh\u00ebm<\/a>\n\t\t\t\n\t\t\t\t\t\t\t\t\t\t\t\t\t\t\n\t\t\t\t\t\t\t\t\n\t\t\t\t\t\t\t\t\t\t\t\t\t<div class=\"fusion-rollover-sep\"><\/div>\n\t\t\t\t\n\t\t\t\t\t\t\t\t\t\t\t\t\t\t\t\t\t\t<a class=\"fusion-rollover-gallery\" href=\"https:\/\/www.cbc.org.al\/wp-content\/uploads\/2022\/09\/4-enhancing-local-voices.jpg\" data-options=\"\" data-id=\"3415\" data-rel=\"iLightbox[gallery-rw-2]\" data-title=\"4-enhancing-local-voices\" data-caption=\"\">\n\t\t\t\t\t\tGallery\t\t\t\t\t<\/a>\n\t\t\t\t\t\t\t\t\t\t\t\t\t\t\n\t\t\n\t\t\t\t\t\t\t\t\n\t\t\t\t\t\t\t\t\n\t\t\n\t\t\t\t\t\t<a class=\"fusion-link-wrapper\" href=\"https:\/\/www.cbc.org.al\/sq\/blog\/projects\/enhancing-local-voices-to-counter-violent-extremism\/\" aria-label=\"Fuqizimi i z\u00ebrave lokal\u00eb p\u00ebr t\u00eb luftuar ekstremizmin e dhunsh\u00ebm\"><\/a>\n\t<\/div>\n<\/div>\n<\/div>\n<div class=\"fusion-portfolio-content\" style=\"background-color:var(--awb-color1);\"><h2 class=\"entry-title fusion-post-title\"><a href=\"https:\/\/www.cbc.org.al\/sq\/blog\/projects\/enhancing-local-voices-to-counter-violent-extremism\/\">Fuqizimi i z\u00ebrave lokal\u00eb p\u00ebr t\u00eb luftuar ekstremizmin e dhunsh\u00ebm<\/a><\/h2><div class=\"fusion-portfolio-meta\"><a href=\"https:\/\/www.cbc.org.al\/sq\/project-category\/mireqeverisja\/\" rel=\"tag\">Mir\u00ebqeverisja<\/a><\/div><div class=\"fusion-content-sep sep-none\" style=\"border-color:var(--awb-color3);\"><\/div><div class=\"fusion-post-content\"><p>Q\u00ebllimi i k\u00ebtij projekti \u00ebsht\u00eb t\u00eb forcoj\u00eb kapacitetet e aktor\u00ebve lokal\u00eb p\u00ebr t\u00eb trajtuar \u00e7\u00ebshtjet e radikalizimit dhe ekstremizmit t\u00eb dhunsh\u00ebm dhe advokimin n\u00eb mbledhjet <a href=\"https:\/\/www.cbc.org.al\/sq\/blog\/projects\/enhancing-local-voices-to-counter-violent-extremism\/\"> [...]<\/a><\/p><\/div><\/div><\/div><\/article><article id=\"portfolio-2-post-3419\" class=\"fusion-portfolio-post mireqeverisja fusion-col-spacing post-3419\"><div class=\"fusion-portfolio-content-wrapper\" style=\"border:none;background-color:var(--awb-color1);\"><span class=\"vcard rich-snippet-hidden\"><span class=\"fn\"><a href=\"https:\/\/www.cbc.org.al\/sq\/blog\/author\/cbc-admin\/\" title=\"Posts by cbc-admin\" rel=\"author\">cbc-admin<\/a><\/span><\/span><span class=\"updated rich-snippet-hidden\">2024-04-18T10:02:44+00:00<\/span><div  class=\"fusion-image-wrapper\" aria-haspopup=\"true\">\n\t\t\t\t<img decoding=\"async\" width=\"1000\" height=\"666\" src=\"https:\/\/www.cbc.org.al\/wp-content\/uploads\/2022\/09\/1developement-capacity-project.jpg\" class=\"attachment-full size-full lazyload wp-post-image\" alt=\"\" srcset=\"data:image\/svg+xml,%3Csvg%20xmlns%3D%27http%3A%2F%2Fwww.w3.org%2F2000%2Fsvg%27%20width%3D%271000%27%20height%3D%27666%27%20viewBox%3D%270%200%201000%20666%27%3E%3Crect%20width%3D%271000%27%20height%3D%27666%27%20fill-opacity%3D%220%22%2F%3E%3C%2Fsvg%3E\" data-orig-src=\"https:\/\/www.cbc.org.al\/wp-content\/uploads\/2022\/09\/1developement-capacity-project.jpg\" data-srcset=\"https:\/\/www.cbc.org.al\/wp-content\/uploads\/2022\/09\/1developement-capacity-project-200x133.jpg 200w, https:\/\/www.cbc.org.al\/wp-content\/uploads\/2022\/09\/1developement-capacity-project-400x266.jpg 400w, https:\/\/www.cbc.org.al\/wp-content\/uploads\/2022\/09\/1developement-capacity-project-600x400.jpg 600w, https:\/\/www.cbc.org.al\/wp-content\/uploads\/2022\/09\/1developement-capacity-project-800x533.jpg 800w, https:\/\/www.cbc.org.al\/wp-content\/uploads\/2022\/09\/1developement-capacity-project.jpg 1000w\" data-sizes=\"auto\" \/><div class=\"fusion-rollover\">\n\t<div class=\"fusion-rollover-content\">\n\n\t\t\t\t\t\t\t\t\t\t\t\t\t\t<a class=\"fusion-rollover-link\" href=\"https:\/\/www.cbc.org.al\/sq\/blog\/projects\/rritja-e-kapaciteteve-te-stafit-te-bashkive-mbi-zhvillimin-dhe-zbatimin-e-projekteve-komunitare\/\">Rritja e kapaciteteve t\u00eb stafit te Bashkive mbi zhvillimin dhe zbatimin e projekteve komunitare<\/a>\n\t\t\t\n\t\t\t\t\t\t\t\t\t\t\t\t\t\t\n\t\t\t\t\t\t\t\t\n\t\t\t\t\t\t\t\t\t\t\t\t\t<div class=\"fusion-rollover-sep\"><\/div>\n\t\t\t\t\n\t\t\t\t\t\t\t\t\t\t\t\t\t\t\t\t\t\t<a class=\"fusion-rollover-gallery\" href=\"https:\/\/www.cbc.org.al\/wp-content\/uploads\/2022\/09\/1developement-capacity-project.jpg\" data-options=\"\" data-id=\"3419\" data-rel=\"iLightbox[gallery-rw-2]\" data-title=\"1developement-capacity-project\" data-caption=\"\">\n\t\t\t\t\t\tGallery\t\t\t\t\t<\/a>\n\t\t\t\t\t\t\t\t\t\t\t\t\t\t\n\t\t\n\t\t\t\t\t\t\t\t\n\t\t\t\t\t\t\t\t\n\t\t\n\t\t\t\t\t\t<a class=\"fusion-link-wrapper\" href=\"https:\/\/www.cbc.org.al\/sq\/blog\/projects\/rritja-e-kapaciteteve-te-stafit-te-bashkive-mbi-zhvillimin-dhe-zbatimin-e-projekteve-komunitare\/\" aria-label=\"Rritja e kapaciteteve t\u00eb stafit te Bashkive mbi zhvillimin dhe zbatimin e projekteve komunitare\"><\/a>\n\t<\/div>\n<\/div>\n<\/div>\n<div class=\"fusion-portfolio-content\" style=\"background-color:var(--awb-color1);\"><h2 class=\"entry-title fusion-post-title\"><a href=\"https:\/\/www.cbc.org.al\/sq\/blog\/projects\/rritja-e-kapaciteteve-te-stafit-te-bashkive-mbi-zhvillimin-dhe-zbatimin-e-projekteve-komunitare\/\">Rritja e kapaciteteve t\u00eb stafit te Bashkive mbi zhvillimin dhe zbatimin e projekteve komunitare<\/a><\/h2><div class=\"fusion-portfolio-meta\"><a href=\"https:\/\/www.cbc.org.al\/sq\/project-category\/mireqeverisja\/\" rel=\"tag\">Mir\u00ebqeverisja<\/a><\/div><div class=\"fusion-content-sep sep-none\" style=\"border-color:var(--awb-color3);\"><\/div><div class=\"fusion-post-content\"><p>Ky projekt synon t\u00eb rrit\u00eb kapacitetet e stafit t\u00eb Bashkive t\u00eb Pogradecit dhe P\u00ebrmetit p\u00ebr t\u00eb zhvilluar projekte t\u00eb drejtuara nga komuniteti dhe p\u00ebr t\u00eb <a href=\"https:\/\/www.cbc.org.al\/sq\/blog\/projects\/rritja-e-kapaciteteve-te-stafit-te-bashkive-mbi-zhvillimin-dhe-zbatimin-e-projekteve-komunitare\/\"> [...]<\/a><\/p><\/div><\/div><\/div><\/article><article id=\"portfolio-2-post-3426\" class=\"fusion-portfolio-post fuqizimi-i-te-rinjve mireqeverisja fusion-col-spacing post-3426\"><div class=\"fusion-portfolio-content-wrapper\" style=\"border:none;background-color:var(--awb-color1);\"><span class=\"vcard rich-snippet-hidden\"><span class=\"fn\"><a href=\"https:\/\/www.cbc.org.al\/sq\/blog\/author\/cbc-admin\/\" title=\"Posts by cbc-admin\" rel=\"author\">cbc-admin<\/a><\/span><\/span><span class=\"updated rich-snippet-hidden\">2024-10-03T17:43:44+00:00<\/span><div  class=\"fusion-image-wrapper\" aria-haspopup=\"true\">\n\t\t\t\t<img decoding=\"async\" width=\"1280\" height=\"960\" src=\"https:\/\/www.cbc.org.al\/wp-content\/uploads\/2022\/09\/1.jpg\" class=\"attachment-full size-full lazyload wp-post-image\" alt=\"\" srcset=\"data:image\/svg+xml,%3Csvg%20xmlns%3D%27http%3A%2F%2Fwww.w3.org%2F2000%2Fsvg%27%20width%3D%271280%27%20height%3D%27960%27%20viewBox%3D%270%200%201280%20960%27%3E%3Crect%20width%3D%271280%27%20height%3D%27960%27%20fill-opacity%3D%220%22%2F%3E%3C%2Fsvg%3E\" data-orig-src=\"https:\/\/www.cbc.org.al\/wp-content\/uploads\/2022\/09\/1.jpg\" data-srcset=\"https:\/\/www.cbc.org.al\/wp-content\/uploads\/2022\/09\/1-200x150.jpg 200w, https:\/\/www.cbc.org.al\/wp-content\/uploads\/2022\/09\/1-400x300.jpg 400w, https:\/\/www.cbc.org.al\/wp-content\/uploads\/2022\/09\/1-600x450.jpg 600w, https:\/\/www.cbc.org.al\/wp-content\/uploads\/2022\/09\/1-800x600.jpg 800w, https:\/\/www.cbc.org.al\/wp-content\/uploads\/2022\/09\/1-1200x900.jpg 1200w, https:\/\/www.cbc.org.al\/wp-content\/uploads\/2022\/09\/1.jpg 1280w\" data-sizes=\"auto\" \/><div class=\"fusion-rollover\">\n\t<div class=\"fusion-rollover-content\">\n\n\t\t\t\t\t\t\t\t\t\t\t\t\t\t<a class=\"fusion-rollover-link\" href=\"https:\/\/www.cbc.org.al\/sq\/blog\/projects\/together-to-engage-community-against-extremism-in-librazhd-and-prrenjas\/\">S\u00eb bashku p\u00ebr te angazhuar komunitetin kund\u00ebr ekstremizmit t\u00eb dhunsh\u00ebm n\u00eb Librazhd dhe Prrenjas<\/a>\n\t\t\t\n\t\t\t\t\t\t\t\t\t\t\t\t\t\t\n\t\t\t\t\t\t\t\t\n\t\t\t\t\t\t\t\t\t\t\t\t\t<div class=\"fusion-rollover-sep\"><\/div>\n\t\t\t\t\n\t\t\t\t\t\t\t\t\t\t\t\t\t\t\t\t\t\t<a class=\"fusion-rollover-gallery\" href=\"https:\/\/www.cbc.org.al\/wp-content\/uploads\/2022\/09\/1.jpg\" data-options=\"\" data-id=\"3426\" data-rel=\"iLightbox[gallery-rw-2]\" data-title=\"1\" data-caption=\"\">\n\t\t\t\t\t\tGallery\t\t\t\t\t<\/a>\n\t\t\t\t\t\t\t\t\t\t\t\t\t\t\n\t\t\n\t\t\t\t\t\t\t\t\n\t\t\t\t\t\t\t\t\n\t\t\n\t\t\t\t\t\t<a class=\"fusion-link-wrapper\" href=\"https:\/\/www.cbc.org.al\/sq\/blog\/projects\/together-to-engage-community-against-extremism-in-librazhd-and-prrenjas\/\" aria-label=\"S\u00eb bashku p\u00ebr te angazhuar komunitetin kund\u00ebr ekstremizmit t\u00eb dhunsh\u00ebm n\u00eb Librazhd dhe Prrenjas\"><\/a>\n\t<\/div>\n<\/div>\n<\/div>\n<div class=\"fusion-portfolio-content\" style=\"background-color:var(--awb-color1);\"><h2 class=\"entry-title fusion-post-title\"><a href=\"https:\/\/www.cbc.org.al\/sq\/blog\/projects\/together-to-engage-community-against-extremism-in-librazhd-and-prrenjas\/\">S\u00eb bashku p\u00ebr te angazhuar komunitetin kund\u00ebr ekstremizmit t\u00eb dhunsh\u00ebm n\u00eb Librazhd dhe Prrenjas<\/a><\/h2><div class=\"fusion-portfolio-meta\"><a href=\"https:\/\/www.cbc.org.al\/sq\/project-category\/fuqizimi-i-te-rinjve\/\" rel=\"tag\">Fuqizimi i t\u00eb Rinjve<\/a>, <a href=\"https:\/\/www.cbc.org.al\/sq\/project-category\/mireqeverisja\/\" rel=\"tag\">Mir\u00ebqeverisja<\/a><\/div><div class=\"fusion-content-sep sep-none\" style=\"border-color:var(--awb-color3);\"><\/div><div class=\"fusion-post-content\"><p>Objektivi i p\u00ebrgjithsh\u00ebm i projektit \u201cS\u00eb bashku p\u00ebr t\u00eb angazhuar komunitetin kund\u00ebr ekstremizmit n\u00eb Librazhd dhe Prrenjas\u201d \u00ebsht\u00eb rritja e nd\u00ebrgjegj\u00ebsimit dhe fuqizimit t\u00eb komunitetit <a href=\"https:\/\/www.cbc.org.al\/sq\/blog\/projects\/together-to-engage-community-against-extremism-in-librazhd-and-prrenjas\/\"> [...]<\/a><\/p><\/div><\/div><\/div><\/article><\/div><\/div><\/div><\/div><\/div><\/div><div class=\"fusion-fullwidth fullwidth-box fusion-builder-row-2 fusion-flex-container has-pattern-background has-mask-background hundred-percent-fullwidth non-hundred-percent-height-scrolling\" style=\"--link_hover_color: var(--awb-color3);--awb-background-position:left top;--awb-border-sizes-top:0px;--awb-border-sizes-bottom:2px;--awb-border-sizes-left:0px;--awb-border-sizes-right:0px;--awb-border-radius-top-left:0px;--awb-border-radius-top-right:0px;--awb-border-radius-bottom-right:0px;--awb-border-radius-bottom-left:0px;--awb-padding-top:20px;--awb-padding-bottom:0px;--awb-background-color:var(--awb-color1);--awb-flex-wrap:wrap;\" ><div class=\"fusion-builder-row fusion-row fusion-flex-align-items-flex-start fusion-flex-content-wrap\" style=\"width:calc( 100% + 0px ) !important;max-width:calc( 100% + 0px ) !important;margin-left: calc(-0px \/ 2 );margin-right: calc(-0px \/ 2 );\"><div class=\"fusion-layout-column fusion_builder_column fusion-builder-column-4 fusion_builder_column_1_1 1_1 fusion-flex-column fusion-flex-align-self-flex-start fusion-column-no-min-height\" style=\"--awb-bg-blend:overlay;--awb-bg-size:cover;--awb-width-large:100%;--awb-margin-top-large:0px;--awb-spacing-right-large:0px;--awb-margin-bottom-large:-10px;--awb-spacing-left-large:0px;--awb-width-medium:100%;--awb-spacing-right-medium:0px;--awb-spacing-left-medium:0px;--awb-width-small:100%;--awb-spacing-right-small:0px;--awb-spacing-left-small:0px;\"><div class=\"fusion-column-wrapper fusion-flex-justify-content-flex-start fusion-content-layout-column\"><div class=\"fusion-title title fusion-title-2 fusion-sep-none fusion-title-text fusion-title-size-three\" style=\"--awb-text-color:var(--awb-color5);--awb-margin-top-small:10px;--awb-margin-right-small:0px;--awb-margin-bottom-small:20px;--awb-margin-left-small:0px;\"><h3 class=\"fusion-title-heading title-heading-left fusion-responsive-typography-calculated\" style=\"margin:0;text-transform:capitalize;--fontSize:24;line-height:var(--awb-typography1-line-height);\">Our Donors<\/h3><\/div><div class=\"fusion-image-carousel fusion-image-carousel-auto fusion-image-carousel-1 fusion-no-small-visibility lightbox-enabled\"><div class=\"awb-carousel awb-swiper awb-swiper-carousel awb-carousel--carousel awb-swiper-dots-position-bottom\" data-layout=\"carousel\" data-autoplay=\"yes\" data-autoplayspeed=\"2500\" data-autoplaypause=\"no\" data-columns=\"5\" data-columnsmedium=\"1\" data-columnssmall=\"1\" data-itemmargin=\"13\" data-itemwidth=\"180\" data-touchscroll=\"no\" data-freemode=\"no\" data-imagesize=\"auto\" data-scrollitems=\"1\" data-centeredslides=\"no\" data-rotationangle=\"50\" data-depth=\"100\" data-speed=\"500\" data-shadow=\"no\" data-pagination=\"bullets\"><div class=\"swiper-wrapper awb-image-carousel-wrapper fusion-flex-align-items-center\"><div class=\"swiper-slide\"><div class=\"fusion-carousel-item-wrapper\"><div class=\"fusion-image-wrapper hover-type-none\"><a data-rel=\"iLightbox[image_carousel_1]\" data-title=\"c-logo-co-plan\" aria-label=\"c-logo-co-plan\" href=\"https:\/\/www.co-plan.org\/\" target=\"_blank\" rel=\"noopener noreferrer\"><img decoding=\"async\" width=\"570\" height=\"220\" src=\"https:\/\/www.cbc.org.al\/wp-content\/uploads\/2022\/10\/c-logo-co-plan.jpg\" class=\"attachment-full size-full lazyload\" alt=\"\" srcset=\"data:image\/svg+xml,%3Csvg%20xmlns%3D%27http%3A%2F%2Fwww.w3.org%2F2000%2Fsvg%27%20width%3D%27570%27%20height%3D%27220%27%20viewBox%3D%270%200%20570%20220%27%3E%3Crect%20width%3D%27570%27%20height%3D%27220%27%20fill-opacity%3D%220%22%2F%3E%3C%2Fsvg%3E\" data-orig-src=\"https:\/\/www.cbc.org.al\/wp-content\/uploads\/2022\/10\/c-logo-co-plan.jpg\" data-srcset=\"https:\/\/www.cbc.org.al\/wp-content\/uploads\/2022\/10\/c-logo-co-plan-200x77.jpg 200w, https:\/\/www.cbc.org.al\/wp-content\/uploads\/2022\/10\/c-logo-co-plan-400x154.jpg 400w, https:\/\/www.cbc.org.al\/wp-content\/uploads\/2022\/10\/c-logo-co-plan.jpg 570w\" data-sizes=\"auto\" \/><\/a><\/div><\/div><\/div><div class=\"swiper-slide\"><div class=\"fusion-carousel-item-wrapper\"><div class=\"fusion-image-wrapper hover-type-none\"><a data-rel=\"iLightbox[image_carousel_1]\" data-title=\"c-logo-konrad\" aria-label=\"c-logo-konrad\" href=\"https:\/\/www.kas.de\/en\/web\/albanien\" target=\"_blank\" rel=\"noopener noreferrer\"><img decoding=\"async\" width=\"570\" height=\"220\" src=\"https:\/\/www.cbc.org.al\/wp-content\/uploads\/2022\/09\/c-logo-konrad.png\" class=\"attachment-full size-full lazyload\" alt=\"\" srcset=\"data:image\/svg+xml,%3Csvg%20xmlns%3D%27http%3A%2F%2Fwww.w3.org%2F2000%2Fsvg%27%20width%3D%27570%27%20height%3D%27220%27%20viewBox%3D%270%200%20570%20220%27%3E%3Crect%20width%3D%27570%27%20height%3D%27220%27%20fill-opacity%3D%220%22%2F%3E%3C%2Fsvg%3E\" data-orig-src=\"https:\/\/www.cbc.org.al\/wp-content\/uploads\/2022\/09\/c-logo-konrad.png\" data-srcset=\"https:\/\/www.cbc.org.al\/wp-content\/uploads\/2022\/09\/c-logo-konrad-200x77.png 200w, https:\/\/www.cbc.org.al\/wp-content\/uploads\/2022\/09\/c-logo-konrad-400x154.png 400w, https:\/\/www.cbc.org.al\/wp-content\/uploads\/2022\/09\/c-logo-konrad.png 570w\" data-sizes=\"auto\" \/><\/a><\/div><\/div><\/div><div class=\"swiper-slide\"><div class=\"fusion-carousel-item-wrapper\"><div class=\"fusion-image-wrapper hover-type-none\"><a data-rel=\"iLightbox[image_carousel_1]\" data-title=\"c-logo-eu-erasmus-plus\" aria-label=\"c-logo-eu-erasmus-plus\" href=\"https:\/\/erasmus-plus.ec.europa.eu\/\" target=\"_blank\" rel=\"noopener noreferrer\"><img decoding=\"async\" width=\"570\" height=\"220\" src=\"https:\/\/www.cbc.org.al\/wp-content\/uploads\/2022\/10\/c-logo-eu-erasmus-plus.jpg\" class=\"attachment-full size-full lazyload\" alt=\"\" srcset=\"data:image\/svg+xml,%3Csvg%20xmlns%3D%27http%3A%2F%2Fwww.w3.org%2F2000%2Fsvg%27%20width%3D%27570%27%20height%3D%27220%27%20viewBox%3D%270%200%20570%20220%27%3E%3Crect%20width%3D%27570%27%20height%3D%27220%27%20fill-opacity%3D%220%22%2F%3E%3C%2Fsvg%3E\" data-orig-src=\"https:\/\/www.cbc.org.al\/wp-content\/uploads\/2022\/10\/c-logo-eu-erasmus-plus.jpg\" data-srcset=\"https:\/\/www.cbc.org.al\/wp-content\/uploads\/2022\/10\/c-logo-eu-erasmus-plus-200x77.jpg 200w, https:\/\/www.cbc.org.al\/wp-content\/uploads\/2022\/10\/c-logo-eu-erasmus-plus-400x154.jpg 400w, https:\/\/www.cbc.org.al\/wp-content\/uploads\/2022\/10\/c-logo-eu-erasmus-plus.jpg 570w\" data-sizes=\"auto\" \/><\/a><\/div><\/div><\/div><div class=\"swiper-slide\"><div class=\"fusion-carousel-item-wrapper\"><div class=\"fusion-image-wrapper hover-type-none\"><a data-rel=\"iLightbox[image_carousel_1]\" data-title=\"c-logo-techsoup1\" aria-label=\"c-logo-techsoup1\" href=\"http:\/\/www.techsoupeurope.org\/ngo\/\" target=\"_blank\" rel=\"noopener noreferrer\"><img decoding=\"async\" width=\"570\" height=\"220\" src=\"https:\/\/www.cbc.org.al\/wp-content\/uploads\/2022\/10\/c-logo-techsoup1.png\" class=\"attachment-full size-full lazyload\" alt=\"\" srcset=\"data:image\/svg+xml,%3Csvg%20xmlns%3D%27http%3A%2F%2Fwww.w3.org%2F2000%2Fsvg%27%20width%3D%27570%27%20height%3D%27220%27%20viewBox%3D%270%200%20570%20220%27%3E%3Crect%20width%3D%27570%27%20height%3D%27220%27%20fill-opacity%3D%220%22%2F%3E%3C%2Fsvg%3E\" data-orig-src=\"https:\/\/www.cbc.org.al\/wp-content\/uploads\/2022\/10\/c-logo-techsoup1.png\" data-srcset=\"https:\/\/www.cbc.org.al\/wp-content\/uploads\/2022\/10\/c-logo-techsoup1-200x77.png 200w, https:\/\/www.cbc.org.al\/wp-content\/uploads\/2022\/10\/c-logo-techsoup1-400x154.png 400w, https:\/\/www.cbc.org.al\/wp-content\/uploads\/2022\/10\/c-logo-techsoup1.png 570w\" data-sizes=\"auto\" \/><\/a><\/div><\/div><\/div><div class=\"swiper-slide\"><div class=\"fusion-carousel-item-wrapper\"><div class=\"fusion-image-wrapper hover-type-none\"><a data-rel=\"iLightbox[image_carousel_1]\" data-title=\"c-logo-eyc-tirana\" aria-label=\"c-logo-eyc-tirana\" href=\"https:\/\/tiranaeyc2022.al\/\" target=\"_blank\" rel=\"noopener noreferrer\"><img decoding=\"async\" width=\"570\" height=\"220\" src=\"https:\/\/www.cbc.org.al\/wp-content\/uploads\/2022\/09\/c-logo-eyc-tirana.png\" class=\"attachment-full size-full lazyload\" alt=\"\" srcset=\"data:image\/svg+xml,%3Csvg%20xmlns%3D%27http%3A%2F%2Fwww.w3.org%2F2000%2Fsvg%27%20width%3D%27570%27%20height%3D%27220%27%20viewBox%3D%270%200%20570%20220%27%3E%3Crect%20width%3D%27570%27%20height%3D%27220%27%20fill-opacity%3D%220%22%2F%3E%3C%2Fsvg%3E\" data-orig-src=\"https:\/\/www.cbc.org.al\/wp-content\/uploads\/2022\/09\/c-logo-eyc-tirana.png\" data-srcset=\"https:\/\/www.cbc.org.al\/wp-content\/uploads\/2022\/09\/c-logo-eyc-tirana-200x77.png 200w, https:\/\/www.cbc.org.al\/wp-content\/uploads\/2022\/09\/c-logo-eyc-tirana-400x154.png 400w, https:\/\/www.cbc.org.al\/wp-content\/uploads\/2022\/09\/c-logo-eyc-tirana.png 570w\" data-sizes=\"auto\" \/><\/a><\/div><\/div><\/div><div class=\"swiper-slide\"><div class=\"fusion-carousel-item-wrapper\"><div class=\"fusion-image-wrapper hover-type-none\"><a data-rel=\"iLightbox[image_carousel_1]\" data-title=\"c-logo-eu-commision\" aria-label=\"c-logo-eu-commision\" href=\"https:\/\/ec.europa.eu\/info\/index_en\" target=\"_blank\" rel=\"noopener noreferrer\"><img decoding=\"async\" width=\"570\" height=\"220\" src=\"https:\/\/www.cbc.org.al\/wp-content\/uploads\/2022\/09\/c-logo-eu-commision.png\" class=\"attachment-full size-full lazyload\" alt=\"\" srcset=\"data:image\/svg+xml,%3Csvg%20xmlns%3D%27http%3A%2F%2Fwww.w3.org%2F2000%2Fsvg%27%20width%3D%27570%27%20height%3D%27220%27%20viewBox%3D%270%200%20570%20220%27%3E%3Crect%20width%3D%27570%27%20height%3D%27220%27%20fill-opacity%3D%220%22%2F%3E%3C%2Fsvg%3E\" data-orig-src=\"https:\/\/www.cbc.org.al\/wp-content\/uploads\/2022\/09\/c-logo-eu-commision.png\" data-srcset=\"https:\/\/www.cbc.org.al\/wp-content\/uploads\/2022\/09\/c-logo-eu-commision-200x77.png 200w, https:\/\/www.cbc.org.al\/wp-content\/uploads\/2022\/09\/c-logo-eu-commision-400x154.png 400w, https:\/\/www.cbc.org.al\/wp-content\/uploads\/2022\/09\/c-logo-eu-commision.png 570w\" data-sizes=\"auto\" \/><\/a><\/div><\/div><\/div><div class=\"swiper-slide\"><div class=\"fusion-carousel-item-wrapper\"><div class=\"fusion-image-wrapper hover-type-none\"><a data-rel=\"iLightbox[image_carousel_1]\" data-title=\"c-logo-mwf\" aria-label=\"c-logo-mwf\" href=\"https:\/\/www.medwomensfund.org\/\" target=\"_blank\" rel=\"noopener noreferrer\"><img decoding=\"async\" width=\"570\" height=\"220\" src=\"https:\/\/www.cbc.org.al\/wp-content\/uploads\/2022\/09\/c-logo-mwf.png\" class=\"attachment-full size-full lazyload\" alt=\"\" srcset=\"data:image\/svg+xml,%3Csvg%20xmlns%3D%27http%3A%2F%2Fwww.w3.org%2F2000%2Fsvg%27%20width%3D%27570%27%20height%3D%27220%27%20viewBox%3D%270%200%20570%20220%27%3E%3Crect%20width%3D%27570%27%20height%3D%27220%27%20fill-opacity%3D%220%22%2F%3E%3C%2Fsvg%3E\" data-orig-src=\"https:\/\/www.cbc.org.al\/wp-content\/uploads\/2022\/09\/c-logo-mwf.png\" data-srcset=\"https:\/\/www.cbc.org.al\/wp-content\/uploads\/2022\/09\/c-logo-mwf-200x77.png 200w, https:\/\/www.cbc.org.al\/wp-content\/uploads\/2022\/09\/c-logo-mwf-400x154.png 400w, https:\/\/www.cbc.org.al\/wp-content\/uploads\/2022\/09\/c-logo-mwf.png 570w\" data-sizes=\"auto\" \/><\/a><\/div><\/div><\/div><div class=\"swiper-slide\"><div class=\"fusion-carousel-item-wrapper\"><div class=\"fusion-image-wrapper hover-type-none\"><a data-rel=\"iLightbox[image_carousel_1]\" data-title=\"c-logo-bacid\" aria-label=\"c-logo-bacid\" href=\"https:\/\/www.bacid.eu\/BACID_-_Building_Administrative_Capacities_in_the_Danube_Region\" target=\"_blank\" rel=\"noopener noreferrer\"><img decoding=\"async\" width=\"570\" height=\"220\" src=\"https:\/\/www.cbc.org.al\/wp-content\/uploads\/2022\/09\/c-logo-bacid.png\" class=\"attachment-full size-full lazyload\" alt=\"\" srcset=\"data:image\/svg+xml,%3Csvg%20xmlns%3D%27http%3A%2F%2Fwww.w3.org%2F2000%2Fsvg%27%20width%3D%27570%27%20height%3D%27220%27%20viewBox%3D%270%200%20570%20220%27%3E%3Crect%20width%3D%27570%27%20height%3D%27220%27%20fill-opacity%3D%220%22%2F%3E%3C%2Fsvg%3E\" data-orig-src=\"https:\/\/www.cbc.org.al\/wp-content\/uploads\/2022\/09\/c-logo-bacid.png\" data-srcset=\"https:\/\/www.cbc.org.al\/wp-content\/uploads\/2022\/09\/c-logo-bacid-200x77.png 200w, https:\/\/www.cbc.org.al\/wp-content\/uploads\/2022\/09\/c-logo-bacid-400x154.png 400w, https:\/\/www.cbc.org.al\/wp-content\/uploads\/2022\/09\/c-logo-bacid.png 570w\" data-sizes=\"auto\" \/><\/a><\/div><\/div><\/div><div class=\"swiper-slide\"><div class=\"fusion-carousel-item-wrapper\"><div class=\"fusion-image-wrapper hover-type-none\"><a data-rel=\"iLightbox[image_carousel_1]\" data-title=\"c-logo-eu-solidarity\" aria-label=\"c-logo-eu-solidarity\" href=\"https:\/\/youth.europa.eu\/solidarity\/young-people\/about_en\" target=\"_blank\" rel=\"noopener noreferrer\"><img decoding=\"async\" width=\"570\" height=\"220\" src=\"https:\/\/www.cbc.org.al\/wp-content\/uploads\/2022\/09\/c-logo-eu-solidarity.png\" class=\"attachment-full size-full lazyload\" alt=\"\" srcset=\"data:image\/svg+xml,%3Csvg%20xmlns%3D%27http%3A%2F%2Fwww.w3.org%2F2000%2Fsvg%27%20width%3D%27570%27%20height%3D%27220%27%20viewBox%3D%270%200%20570%20220%27%3E%3Crect%20width%3D%27570%27%20height%3D%27220%27%20fill-opacity%3D%220%22%2F%3E%3C%2Fsvg%3E\" data-orig-src=\"https:\/\/www.cbc.org.al\/wp-content\/uploads\/2022\/09\/c-logo-eu-solidarity.png\" data-srcset=\"https:\/\/www.cbc.org.al\/wp-content\/uploads\/2022\/09\/c-logo-eu-solidarity-200x77.png 200w, https:\/\/www.cbc.org.al\/wp-content\/uploads\/2022\/09\/c-logo-eu-solidarity-400x154.png 400w, https:\/\/www.cbc.org.al\/wp-content\/uploads\/2022\/09\/c-logo-eu-solidarity.png 570w\" data-sizes=\"auto\" \/><\/a><\/div><\/div><\/div><div class=\"swiper-slide\"><div class=\"fusion-carousel-item-wrapper\"><div class=\"fusion-image-wrapper hover-type-none\"><a data-rel=\"iLightbox[image_carousel_1]\" data-title=\"c-logo-min-kultures\" aria-label=\"c-logo-min-kultures\" href=\"https:\/\/kultura.gov.al\/\" target=\"_blank\" rel=\"noopener noreferrer\"><img decoding=\"async\" width=\"570\" height=\"220\" src=\"https:\/\/www.cbc.org.al\/wp-content\/uploads\/2022\/09\/c-logo-min-kultures.png\" class=\"attachment-full size-full lazyload\" alt=\"\" srcset=\"data:image\/svg+xml,%3Csvg%20xmlns%3D%27http%3A%2F%2Fwww.w3.org%2F2000%2Fsvg%27%20width%3D%27570%27%20height%3D%27220%27%20viewBox%3D%270%200%20570%20220%27%3E%3Crect%20width%3D%27570%27%20height%3D%27220%27%20fill-opacity%3D%220%22%2F%3E%3C%2Fsvg%3E\" data-orig-src=\"https:\/\/www.cbc.org.al\/wp-content\/uploads\/2022\/09\/c-logo-min-kultures.png\" data-srcset=\"https:\/\/www.cbc.org.al\/wp-content\/uploads\/2022\/09\/c-logo-min-kultures-200x77.png 200w, https:\/\/www.cbc.org.al\/wp-content\/uploads\/2022\/09\/c-logo-min-kultures-400x154.png 400w, https:\/\/www.cbc.org.al\/wp-content\/uploads\/2022\/09\/c-logo-min-kultures.png 570w\" data-sizes=\"auto\" \/><\/a><\/div><\/div><\/div><\/div><\/div><\/div><div class=\"fusion-image-carousel fusion-image-carousel-auto fusion-image-carousel-2 fusion-no-medium-visibility fusion-no-large-visibility lightbox-enabled\"><div class=\"awb-carousel awb-swiper awb-swiper-carousel awb-carousel--carousel awb-swiper-dots-position-bottom\" data-layout=\"carousel\" data-autoplay=\"yes\" data-autoplayspeed=\"2500\" data-autoplaypause=\"no\" data-columns=\"1\" data-columnsmedium=\"1\" data-columnssmall=\"1\" data-itemmargin=\"13\" data-itemwidth=\"180\" data-touchscroll=\"no\" data-freemode=\"no\" data-imagesize=\"auto\" data-scrollitems=\"1\" data-centeredslides=\"no\" data-rotationangle=\"50\" data-depth=\"100\" data-speed=\"500\" data-shadow=\"no\" data-pagination=\"bullets\" style=\"--awb-columns:1;\"><div class=\"swiper-wrapper awb-image-carousel-wrapper fusion-flex-align-items-center\"><div class=\"swiper-slide\"><div class=\"fusion-carousel-item-wrapper\"><div class=\"fusion-image-wrapper hover-type-none\"><a data-rel=\"iLightbox[image_carousel_2]\" data-caption=\"\" href=\"http:\/\/www.techsoupeurope.org\/ngo\/\" target=\"_blank\" rel=\"noopener noreferrer\"><\/a><\/div><\/div><\/div><div class=\"swiper-slide\"><div class=\"fusion-carousel-item-wrapper\"><div class=\"fusion-image-wrapper hover-type-none\"><a data-rel=\"iLightbox[image_carousel_2]\" data-title=\"c-logo-eyc-tirana\" aria-label=\"c-logo-eyc-tirana\" href=\"https:\/\/tiranaeyc2022.al\/\" target=\"_blank\" rel=\"noopener noreferrer\"><img decoding=\"async\" width=\"570\" height=\"220\" src=\"https:\/\/www.cbc.org.al\/wp-content\/uploads\/2022\/09\/c-logo-eyc-tirana.png\" class=\"attachment-full size-full lazyload\" alt=\"\" srcset=\"data:image\/svg+xml,%3Csvg%20xmlns%3D%27http%3A%2F%2Fwww.w3.org%2F2000%2Fsvg%27%20width%3D%27570%27%20height%3D%27220%27%20viewBox%3D%270%200%20570%20220%27%3E%3Crect%20width%3D%27570%27%20height%3D%27220%27%20fill-opacity%3D%220%22%2F%3E%3C%2Fsvg%3E\" data-orig-src=\"https:\/\/www.cbc.org.al\/wp-content\/uploads\/2022\/09\/c-logo-eyc-tirana.png\" data-srcset=\"https:\/\/www.cbc.org.al\/wp-content\/uploads\/2022\/09\/c-logo-eyc-tirana-200x77.png 200w, https:\/\/www.cbc.org.al\/wp-content\/uploads\/2022\/09\/c-logo-eyc-tirana-300x116.png 300w, https:\/\/www.cbc.org.al\/wp-content\/uploads\/2022\/09\/c-logo-eyc-tirana-400x154.png 400w, https:\/\/www.cbc.org.al\/wp-content\/uploads\/2022\/09\/c-logo-eyc-tirana.png 570w\" data-sizes=\"auto\" \/><\/a><\/div><\/div><\/div><div class=\"swiper-slide\"><div class=\"fusion-carousel-item-wrapper\"><div class=\"fusion-image-wrapper hover-type-none\"><a data-rel=\"iLightbox[image_carousel_2]\" data-title=\"c-logo-konrad\" aria-label=\"c-logo-konrad\" href=\"https:\/\/www.kas.de\/en\/web\/albanien\" target=\"_blank\" rel=\"noopener noreferrer\"><img decoding=\"async\" width=\"570\" height=\"220\" src=\"https:\/\/www.cbc.org.al\/wp-content\/uploads\/2022\/09\/c-logo-konrad.png\" class=\"attachment-full size-full lazyload\" alt=\"\" srcset=\"data:image\/svg+xml,%3Csvg%20xmlns%3D%27http%3A%2F%2Fwww.w3.org%2F2000%2Fsvg%27%20width%3D%27570%27%20height%3D%27220%27%20viewBox%3D%270%200%20570%20220%27%3E%3Crect%20width%3D%27570%27%20height%3D%27220%27%20fill-opacity%3D%220%22%2F%3E%3C%2Fsvg%3E\" data-orig-src=\"https:\/\/www.cbc.org.al\/wp-content\/uploads\/2022\/09\/c-logo-konrad.png\" data-srcset=\"https:\/\/www.cbc.org.al\/wp-content\/uploads\/2022\/09\/c-logo-konrad-200x77.png 200w, https:\/\/www.cbc.org.al\/wp-content\/uploads\/2022\/09\/c-logo-konrad-300x116.png 300w, https:\/\/www.cbc.org.al\/wp-content\/uploads\/2022\/09\/c-logo-konrad-400x154.png 400w, https:\/\/www.cbc.org.al\/wp-content\/uploads\/2022\/09\/c-logo-konrad.png 570w\" data-sizes=\"auto\" \/><\/a><\/div><\/div><\/div><div class=\"swiper-slide\"><div class=\"fusion-carousel-item-wrapper\"><div class=\"fusion-image-wrapper hover-type-none\"><a data-rel=\"iLightbox[image_carousel_2]\" data-title=\"c-logo-eu-commision\" aria-label=\"c-logo-eu-commision\" href=\"https:\/\/ec.europa.eu\/info\/index_en\" target=\"_blank\" rel=\"noopener noreferrer\"><img decoding=\"async\" width=\"570\" height=\"220\" src=\"https:\/\/www.cbc.org.al\/wp-content\/uploads\/2022\/09\/c-logo-eu-commision.png\" class=\"attachment-full size-full lazyload\" alt=\"\" srcset=\"data:image\/svg+xml,%3Csvg%20xmlns%3D%27http%3A%2F%2Fwww.w3.org%2F2000%2Fsvg%27%20width%3D%27570%27%20height%3D%27220%27%20viewBox%3D%270%200%20570%20220%27%3E%3Crect%20width%3D%27570%27%20height%3D%27220%27%20fill-opacity%3D%220%22%2F%3E%3C%2Fsvg%3E\" data-orig-src=\"https:\/\/www.cbc.org.al\/wp-content\/uploads\/2022\/09\/c-logo-eu-commision.png\" data-srcset=\"https:\/\/www.cbc.org.al\/wp-content\/uploads\/2022\/09\/c-logo-eu-commision-200x77.png 200w, https:\/\/www.cbc.org.al\/wp-content\/uploads\/2022\/09\/c-logo-eu-commision-300x116.png 300w, https:\/\/www.cbc.org.al\/wp-content\/uploads\/2022\/09\/c-logo-eu-commision-400x154.png 400w, https:\/\/www.cbc.org.al\/wp-content\/uploads\/2022\/09\/c-logo-eu-commision.png 570w\" data-sizes=\"auto\" \/><\/a><\/div><\/div><\/div><div class=\"swiper-slide\"><div class=\"fusion-carousel-item-wrapper\"><div class=\"fusion-image-wrapper hover-type-none\"><a data-rel=\"iLightbox[image_carousel_2]\" data-title=\"c-logo-mwf\" aria-label=\"c-logo-mwf\" href=\"https:\/\/www.medwomensfund.org\/\" target=\"_blank\" rel=\"noopener noreferrer\"><img decoding=\"async\" width=\"570\" height=\"220\" src=\"https:\/\/www.cbc.org.al\/wp-content\/uploads\/2022\/09\/c-logo-mwf.png\" class=\"attachment-full size-full lazyload\" alt=\"\" srcset=\"data:image\/svg+xml,%3Csvg%20xmlns%3D%27http%3A%2F%2Fwww.w3.org%2F2000%2Fsvg%27%20width%3D%27570%27%20height%3D%27220%27%20viewBox%3D%270%200%20570%20220%27%3E%3Crect%20width%3D%27570%27%20height%3D%27220%27%20fill-opacity%3D%220%22%2F%3E%3C%2Fsvg%3E\" data-orig-src=\"https:\/\/www.cbc.org.al\/wp-content\/uploads\/2022\/09\/c-logo-mwf.png\" data-srcset=\"https:\/\/www.cbc.org.al\/wp-content\/uploads\/2022\/09\/c-logo-mwf-200x77.png 200w, https:\/\/www.cbc.org.al\/wp-content\/uploads\/2022\/09\/c-logo-mwf-300x116.png 300w, https:\/\/www.cbc.org.al\/wp-content\/uploads\/2022\/09\/c-logo-mwf-400x154.png 400w, https:\/\/www.cbc.org.al\/wp-content\/uploads\/2022\/09\/c-logo-mwf.png 570w\" data-sizes=\"auto\" \/><\/a><\/div><\/div><\/div><div class=\"swiper-slide\"><div class=\"fusion-carousel-item-wrapper\"><div class=\"fusion-image-wrapper hover-type-none\"><a data-rel=\"iLightbox[image_carousel_2]\" data-title=\"c-logo-bacid\" aria-label=\"c-logo-bacid\" href=\"https:\/\/www.bacid.eu\/BACID_-_Building_Administrative_Capacities_in_the_Danube_Region\" target=\"_blank\" rel=\"noopener noreferrer\"><img decoding=\"async\" width=\"570\" height=\"220\" src=\"https:\/\/www.cbc.org.al\/wp-content\/uploads\/2022\/09\/c-logo-bacid.png\" class=\"attachment-full size-full lazyload\" alt=\"\" srcset=\"data:image\/svg+xml,%3Csvg%20xmlns%3D%27http%3A%2F%2Fwww.w3.org%2F2000%2Fsvg%27%20width%3D%27570%27%20height%3D%27220%27%20viewBox%3D%270%200%20570%20220%27%3E%3Crect%20width%3D%27570%27%20height%3D%27220%27%20fill-opacity%3D%220%22%2F%3E%3C%2Fsvg%3E\" data-orig-src=\"https:\/\/www.cbc.org.al\/wp-content\/uploads\/2022\/09\/c-logo-bacid.png\" data-srcset=\"https:\/\/www.cbc.org.al\/wp-content\/uploads\/2022\/09\/c-logo-bacid-200x77.png 200w, https:\/\/www.cbc.org.al\/wp-content\/uploads\/2022\/09\/c-logo-bacid-300x116.png 300w, https:\/\/www.cbc.org.al\/wp-content\/uploads\/2022\/09\/c-logo-bacid-400x154.png 400w, https:\/\/www.cbc.org.al\/wp-content\/uploads\/2022\/09\/c-logo-bacid.png 570w\" data-sizes=\"auto\" \/><\/a><\/div><\/div><\/div><div class=\"swiper-slide\"><div class=\"fusion-carousel-item-wrapper\"><div class=\"fusion-image-wrapper hover-type-none\"><a data-rel=\"iLightbox[image_carousel_2]\" data-title=\"c-logo-eu-solidarity\" aria-label=\"c-logo-eu-solidarity\" href=\"https:\/\/youth.europa.eu\/solidarity\/young-people\/about_en\" target=\"_blank\" rel=\"noopener noreferrer\"><img decoding=\"async\" width=\"570\" height=\"220\" src=\"https:\/\/www.cbc.org.al\/wp-content\/uploads\/2022\/09\/c-logo-eu-solidarity.png\" class=\"attachment-full size-full lazyload\" alt=\"\" srcset=\"data:image\/svg+xml,%3Csvg%20xmlns%3D%27http%3A%2F%2Fwww.w3.org%2F2000%2Fsvg%27%20width%3D%27570%27%20height%3D%27220%27%20viewBox%3D%270%200%20570%20220%27%3E%3Crect%20width%3D%27570%27%20height%3D%27220%27%20fill-opacity%3D%220%22%2F%3E%3C%2Fsvg%3E\" data-orig-src=\"https:\/\/www.cbc.org.al\/wp-content\/uploads\/2022\/09\/c-logo-eu-solidarity.png\" data-srcset=\"https:\/\/www.cbc.org.al\/wp-content\/uploads\/2022\/09\/c-logo-eu-solidarity-200x77.png 200w, https:\/\/www.cbc.org.al\/wp-content\/uploads\/2022\/09\/c-logo-eu-solidarity-300x116.png 300w, https:\/\/www.cbc.org.al\/wp-content\/uploads\/2022\/09\/c-logo-eu-solidarity-400x154.png 400w, https:\/\/www.cbc.org.al\/wp-content\/uploads\/2022\/09\/c-logo-eu-solidarity.png 570w\" data-sizes=\"auto\" \/><\/a><\/div><\/div><\/div><div class=\"swiper-slide\"><div class=\"fusion-carousel-item-wrapper\"><div class=\"fusion-image-wrapper hover-type-none\"><a data-rel=\"iLightbox[image_carousel_2]\" data-title=\"c-logo-min-kultures\" aria-label=\"c-logo-min-kultures\" href=\"https:\/\/kultura.gov.al\/\" target=\"_blank\" rel=\"noopener noreferrer\"><img decoding=\"async\" width=\"570\" height=\"220\" src=\"https:\/\/www.cbc.org.al\/wp-content\/uploads\/2022\/09\/c-logo-min-kultures.png\" class=\"attachment-full size-full lazyload\" alt=\"\" srcset=\"data:image\/svg+xml,%3Csvg%20xmlns%3D%27http%3A%2F%2Fwww.w3.org%2F2000%2Fsvg%27%20width%3D%27570%27%20height%3D%27220%27%20viewBox%3D%270%200%20570%20220%27%3E%3Crect%20width%3D%27570%27%20height%3D%27220%27%20fill-opacity%3D%220%22%2F%3E%3C%2Fsvg%3E\" data-orig-src=\"https:\/\/www.cbc.org.al\/wp-content\/uploads\/2022\/09\/c-logo-min-kultures.png\" data-srcset=\"https:\/\/www.cbc.org.al\/wp-content\/uploads\/2022\/09\/c-logo-min-kultures-200x77.png 200w, https:\/\/www.cbc.org.al\/wp-content\/uploads\/2022\/09\/c-logo-min-kultures-300x116.png 300w, https:\/\/www.cbc.org.al\/wp-content\/uploads\/2022\/09\/c-logo-min-kultures-400x154.png 400w, https:\/\/www.cbc.org.al\/wp-content\/uploads\/2022\/09\/c-logo-min-kultures.png 570w\" data-sizes=\"auto\" \/><\/a><\/div><\/div><\/div><div class=\"swiper-slide\"><div class=\"fusion-carousel-item-wrapper\"><div class=\"fusion-image-wrapper hover-type-none\"><a data-rel=\"iLightbox[image_carousel_2]\" data-title=\"c-logo-co-plan\" aria-label=\"c-logo-co-plan\" href=\"https:\/\/www.co-plan.org\/\" target=\"_blank\" rel=\"noopener noreferrer\"><img decoding=\"async\" width=\"570\" height=\"220\" src=\"https:\/\/www.cbc.org.al\/wp-content\/uploads\/2022\/10\/c-logo-co-plan.jpg\" class=\"attachment-full size-full lazyload\" alt=\"\" srcset=\"data:image\/svg+xml,%3Csvg%20xmlns%3D%27http%3A%2F%2Fwww.w3.org%2F2000%2Fsvg%27%20width%3D%27570%27%20height%3D%27220%27%20viewBox%3D%270%200%20570%20220%27%3E%3Crect%20width%3D%27570%27%20height%3D%27220%27%20fill-opacity%3D%220%22%2F%3E%3C%2Fsvg%3E\" data-orig-src=\"https:\/\/www.cbc.org.al\/wp-content\/uploads\/2022\/10\/c-logo-co-plan.jpg\" data-srcset=\"https:\/\/www.cbc.org.al\/wp-content\/uploads\/2022\/10\/c-logo-co-plan-200x77.jpg 200w, https:\/\/www.cbc.org.al\/wp-content\/uploads\/2022\/10\/c-logo-co-plan-300x116.jpg 300w, https:\/\/www.cbc.org.al\/wp-content\/uploads\/2022\/10\/c-logo-co-plan-400x154.jpg 400w, https:\/\/www.cbc.org.al\/wp-content\/uploads\/2022\/10\/c-logo-co-plan.jpg 570w\" data-sizes=\"auto\" \/><\/a><\/div><\/div><\/div><div class=\"swiper-slide\"><div class=\"fusion-carousel-item-wrapper\"><div class=\"fusion-image-wrapper hover-type-none\"><a data-rel=\"iLightbox[image_carousel_2]\" data-title=\"c-logo-eu-erasmus-plus\" aria-label=\"c-logo-eu-erasmus-plus\" href=\"https:\/\/erasmus-plus.ec.europa.eu\/\" target=\"_blank\" rel=\"noopener noreferrer\"><img decoding=\"async\" width=\"570\" height=\"220\" src=\"https:\/\/www.cbc.org.al\/wp-content\/uploads\/2022\/10\/c-logo-eu-erasmus-plus.jpg\" class=\"attachment-full size-full lazyload\" alt=\"\" srcset=\"data:image\/svg+xml,%3Csvg%20xmlns%3D%27http%3A%2F%2Fwww.w3.org%2F2000%2Fsvg%27%20width%3D%27570%27%20height%3D%27220%27%20viewBox%3D%270%200%20570%20220%27%3E%3Crect%20width%3D%27570%27%20height%3D%27220%27%20fill-opacity%3D%220%22%2F%3E%3C%2Fsvg%3E\" data-orig-src=\"https:\/\/www.cbc.org.al\/wp-content\/uploads\/2022\/10\/c-logo-eu-erasmus-plus.jpg\" data-srcset=\"https:\/\/www.cbc.org.al\/wp-content\/uploads\/2022\/10\/c-logo-eu-erasmus-plus-200x77.jpg 200w, https:\/\/www.cbc.org.al\/wp-content\/uploads\/2022\/10\/c-logo-eu-erasmus-plus-300x116.jpg 300w, https:\/\/www.cbc.org.al\/wp-content\/uploads\/2022\/10\/c-logo-eu-erasmus-plus-400x154.jpg 400w, https:\/\/www.cbc.org.al\/wp-content\/uploads\/2022\/10\/c-logo-eu-erasmus-plus.jpg 570w\" data-sizes=\"auto\" \/><\/a><\/div><\/div><\/div><\/div><div class=\"awb-swiper-button awb-swiper-button-prev\"><i class=\"awb-icon-angle-left\" aria-hidden=\"true\"><\/i><\/div><div class=\"awb-swiper-button awb-swiper-button-next\"><i class=\"awb-icon-angle-right\" aria-hidden=\"true\"><\/i><\/div><\/div><\/div><\/div><\/div><\/div><\/div><\/p>\n","protected":false},"excerpt":{"rendered":"","protected":false},"author":1,"featured_media":0,"parent":0,"menu_order":0,"comment_status":"closed","ping_status":"closed","template":"100-width.php","meta":{"_acf_changed":false,"footnotes":""},"class_list":["post-3450","page","type-page","status-publish","hentry"],"acf":[],"yoast_head":"<!-- This site is optimized with the Yoast SEO plugin v27.4 - https:\/\/yoast.com\/product\/yoast-seo-wordpress\/ -->\n<title>Projektet - Center for Bridging Communities<\/title>\n<meta name=\"robots\" content=\"index, follow, max-snippet:-1, max-image-preview:large, max-video-preview:-1\" \/>\n<link rel=\"canonical\" href=\"https:\/\/www.cbc.org.al\/sq\/projektet\/\" \/>\n<meta property=\"og:locale\" content=\"sq_AL\" \/>\n<meta property=\"og:type\" content=\"article\" \/>\n<meta property=\"og:title\" content=\"Projektet - Center for Bridging Communities\" \/>\n<meta property=\"og:url\" content=\"https:\/\/www.cbc.org.al\/sq\/projektet\/\" \/>\n<meta property=\"og:site_name\" content=\"Center for Bridging Communities\" \/>\n<meta property=\"article:publisher\" content=\"https:\/\/www.facebook.com\/bridgingcommunitiescenter\" \/>\n<meta property=\"article:modified_time\" content=\"2024-04-18T10:04:13+00:00\" \/>\n<meta name=\"twitter:card\" content=\"summary_large_image\" \/>\n<meta name=\"twitter:label1\" content=\"Est. reading time\" \/>\n\t<meta name=\"twitter:data1\" content=\"9 minutes\" \/>\n<script type=\"application\/ld+json\" class=\"yoast-schema-graph\">{\"@context\":\"https:\\\/\\\/schema.org\",\"@graph\":[{\"@type\":\"WebPage\",\"@id\":\"https:\\\/\\\/www.cbc.org.al\\\/sq\\\/projektet\\\/\",\"url\":\"https:\\\/\\\/www.cbc.org.al\\\/sq\\\/projektet\\\/\",\"name\":\"Projektet - Center for Bridging Communities\",\"isPartOf\":{\"@id\":\"https:\\\/\\\/www.cbc.org.al\\\/#website\"},\"datePublished\":\"2015-12-02T10:52:05+00:00\",\"dateModified\":\"2024-04-18T10:04:13+00:00\",\"breadcrumb\":{\"@id\":\"https:\\\/\\\/www.cbc.org.al\\\/sq\\\/projektet\\\/#breadcrumb\"},\"inLanguage\":\"sq-AL\",\"potentialAction\":[{\"@type\":\"ReadAction\",\"target\":[\"https:\\\/\\\/www.cbc.org.al\\\/sq\\\/projektet\\\/\"]}]},{\"@type\":\"BreadcrumbList\",\"@id\":\"https:\\\/\\\/www.cbc.org.al\\\/sq\\\/projektet\\\/#breadcrumb\",\"itemListElement\":[{\"@type\":\"ListItem\",\"position\":1,\"name\":\"Home\",\"item\":\"https:\\\/\\\/www.cbc.org.al\\\/sq\\\/\"},{\"@type\":\"ListItem\",\"position\":2,\"name\":\"Projektet\"}]},{\"@type\":\"WebSite\",\"@id\":\"https:\\\/\\\/www.cbc.org.al\\\/#website\",\"url\":\"https:\\\/\\\/www.cbc.org.al\\\/\",\"name\":\"Center for Bridging Communities\",\"description\":\"Center for Bridging Communities\",\"publisher\":{\"@id\":\"https:\\\/\\\/www.cbc.org.al\\\/#organization\"},\"potentialAction\":[{\"@type\":\"SearchAction\",\"target\":{\"@type\":\"EntryPoint\",\"urlTemplate\":\"https:\\\/\\\/www.cbc.org.al\\\/?s={search_term_string}\"},\"query-input\":{\"@type\":\"PropertyValueSpecification\",\"valueRequired\":true,\"valueName\":\"search_term_string\"}}],\"inLanguage\":\"sq-AL\"},{\"@type\":\"Organization\",\"@id\":\"https:\\\/\\\/www.cbc.org.al\\\/#organization\",\"name\":\"Center for Bridging Communities\",\"url\":\"https:\\\/\\\/www.cbc.org.al\\\/\",\"logo\":{\"@type\":\"ImageObject\",\"inLanguage\":\"sq-AL\",\"@id\":\"https:\\\/\\\/www.cbc.org.al\\\/#\\\/schema\\\/logo\\\/image\\\/\",\"url\":\"https:\\\/\\\/www.cbc.org.al\\\/wp-content\\\/uploads\\\/2022\\\/08\\\/Logo-CBC-side-text-150.png\",\"contentUrl\":\"https:\\\/\\\/www.cbc.org.al\\\/wp-content\\\/uploads\\\/2022\\\/08\\\/Logo-CBC-side-text-150.png\",\"width\":339,\"height\":150,\"caption\":\"Center for Bridging Communities\"},\"image\":{\"@id\":\"https:\\\/\\\/www.cbc.org.al\\\/#\\\/schema\\\/logo\\\/image\\\/\"},\"sameAs\":[\"https:\\\/\\\/www.facebook.com\\\/bridgingcommunitiescenter\",\"https:\\\/\\\/www.linkedin.com\\\/in\\\/bridging-communities-center-4628b2175\\\/\",\"https:\\\/\\\/www.instagram.com\\\/centerforbridgingcommunities\\\/\"]}]}<\/script>\n<!-- \/ Yoast SEO plugin. -->","yoast_head_json":{"title":"Projektet - Center for Bridging Communities","robots":{"index":"index","follow":"follow","max-snippet":"max-snippet:-1","max-image-preview":"max-image-preview:large","max-video-preview":"max-video-preview:-1"},"canonical":"https:\/\/www.cbc.org.al\/sq\/projektet\/","og_locale":"sq_AL","og_type":"article","og_title":"Projektet - Center for Bridging Communities","og_url":"https:\/\/www.cbc.org.al\/sq\/projektet\/","og_site_name":"Center for Bridging Communities","article_publisher":"https:\/\/www.facebook.com\/bridgingcommunitiescenter","article_modified_time":"2024-04-18T10:04:13+00:00","twitter_card":"summary_large_image","twitter_misc":{"Est. reading time":"9 minutes"},"schema":{"@context":"https:\/\/schema.org","@graph":[{"@type":"WebPage","@id":"https:\/\/www.cbc.org.al\/sq\/projektet\/","url":"https:\/\/www.cbc.org.al\/sq\/projektet\/","name":"Projektet - Center for Bridging Communities","isPartOf":{"@id":"https:\/\/www.cbc.org.al\/#website"},"datePublished":"2015-12-02T10:52:05+00:00","dateModified":"2024-04-18T10:04:13+00:00","breadcrumb":{"@id":"https:\/\/www.cbc.org.al\/sq\/projektet\/#breadcrumb"},"inLanguage":"sq-AL","potentialAction":[{"@type":"ReadAction","target":["https:\/\/www.cbc.org.al\/sq\/projektet\/"]}]},{"@type":"BreadcrumbList","@id":"https:\/\/www.cbc.org.al\/sq\/projektet\/#breadcrumb","itemListElement":[{"@type":"ListItem","position":1,"name":"Home","item":"https:\/\/www.cbc.org.al\/sq\/"},{"@type":"ListItem","position":2,"name":"Projektet"}]},{"@type":"WebSite","@id":"https:\/\/www.cbc.org.al\/#website","url":"https:\/\/www.cbc.org.al\/","name":"Center for Bridging Communities","description":"Center for Bridging Communities","publisher":{"@id":"https:\/\/www.cbc.org.al\/#organization"},"potentialAction":[{"@type":"SearchAction","target":{"@type":"EntryPoint","urlTemplate":"https:\/\/www.cbc.org.al\/?s={search_term_string}"},"query-input":{"@type":"PropertyValueSpecification","valueRequired":true,"valueName":"search_term_string"}}],"inLanguage":"sq-AL"},{"@type":"Organization","@id":"https:\/\/www.cbc.org.al\/#organization","name":"Center for Bridging Communities","url":"https:\/\/www.cbc.org.al\/","logo":{"@type":"ImageObject","inLanguage":"sq-AL","@id":"https:\/\/www.cbc.org.al\/#\/schema\/logo\/image\/","url":"https:\/\/www.cbc.org.al\/wp-content\/uploads\/2022\/08\/Logo-CBC-side-text-150.png","contentUrl":"https:\/\/www.cbc.org.al\/wp-content\/uploads\/2022\/08\/Logo-CBC-side-text-150.png","width":339,"height":150,"caption":"Center for Bridging Communities"},"image":{"@id":"https:\/\/www.cbc.org.al\/#\/schema\/logo\/image\/"},"sameAs":["https:\/\/www.facebook.com\/bridgingcommunitiescenter","https:\/\/www.linkedin.com\/in\/bridging-communities-center-4628b2175\/","https:\/\/www.instagram.com\/centerforbridgingcommunities\/"]}]}},"_links":{"self":[{"href":"https:\/\/www.cbc.org.al\/sq\/wp-json\/wp\/v2\/pages\/3450","targetHints":{"allow":["GET"]}}],"collection":[{"href":"https:\/\/www.cbc.org.al\/sq\/wp-json\/wp\/v2\/pages"}],"about":[{"href":"https:\/\/www.cbc.org.al\/sq\/wp-json\/wp\/v2\/types\/page"}],"author":[{"embeddable":true,"href":"https:\/\/www.cbc.org.al\/sq\/wp-json\/wp\/v2\/users\/1"}],"replies":[{"embeddable":true,"href":"https:\/\/www.cbc.org.al\/sq\/wp-json\/wp\/v2\/comments?post=3450"}],"version-history":[{"count":4,"href":"https:\/\/www.cbc.org.al\/sq\/wp-json\/wp\/v2\/pages\/3450\/revisions"}],"predecessor-version":[{"id":4493,"href":"https:\/\/www.cbc.org.al\/sq\/wp-json\/wp\/v2\/pages\/3450\/revisions\/4493"}],"wp:attachment":[{"href":"https:\/\/www.cbc.org.al\/sq\/wp-json\/wp\/v2\/media?parent=3450"}],"curies":[{"name":"wp","href":"https:\/\/api.w.org\/{rel}","templated":true}]}}